{"id":1009,"date":"2024-05-06T22:02:34","date_gmt":"2024-05-06T20:02:34","guid":{"rendered":"https:\/\/esperancaenlinia.org\/?page_id=1009"},"modified":"2026-02-11T11:01:49","modified_gmt":"2026-02-11T10:01:49","slug":"solitud-no-desitjada","status":"publish","type":"page","link":"https:\/\/esperancaenlinia.org\/en\/solitud-no-desitjada\/","title":{"rendered":"Unwanted loneliness"},"content":{"rendered":"<div data-elementor-type=\"wp-page\" data-elementor-id=\"1009\" class=\"elementor elementor-1009\" data-elementor-post-type=\"page\">\n\t\t\t\t<div class=\"elementor-element elementor-element-7b26897a e-flex e-con-boxed e-con e-parent\" data-id=\"7b26897a\" data-element_type=\"container\" data-e-type=\"container\" data-settings=\"{&quot;background_background&quot;:&quot;classic&quot;}\">\n\t\t\t\t\t<div class=\"e-con-inner\">\n\t\t\t\t<div class=\"elementor-element elementor-element-3256a4e5 elementor-widget elementor-widget-heading\" data-id=\"3256a4e5\" data-element_type=\"widget\" data-e-type=\"widget\" data-widget_type=\"heading.default\">\n\t\t\t\t<div class=\"elementor-widget-container\">\n\t\t\t\t\t<p class=\"elementor-heading-title elementor-size-default\">Home | Unwanted loneliness<\/p>\t\t\t\t<\/div>\n\t\t\t\t<\/div>\n\t\t\t\t<div class=\"elementor-element elementor-element-47d205b5 elementor-widget__width-inherit elementor-widget elementor-widget-heading\" data-id=\"47d205b5\" data-element_type=\"widget\" data-e-type=\"widget\" data-widget_type=\"heading.default\">\n\t\t\t\t<div class=\"elementor-widget-container\">\n\t\t\t\t\t<h2 class=\"elementor-heading-title elementor-size-default\">Unwanted loneliness<\/h2>\t\t\t\t<\/div>\n\t\t\t\t<\/div>\n\t\t\t\t\t<\/div>\n\t\t\t\t<\/div>\n\t\t<div class=\"elementor-element elementor-element-4c71559 e-flex e-con-boxed e-con e-parent\" data-id=\"4c71559\" data-element_type=\"container\" data-e-type=\"container\" data-settings=\"{&quot;background_background&quot;:&quot;classic&quot;}\">\n\t\t\t\t\t<div class=\"e-con-inner\">\n\t\t<div class=\"elementor-element elementor-element-0afe21f e-con-full e-flex e-con e-child\" data-id=\"0afe21f\" data-element_type=\"container\" data-e-type=\"container\" data-settings=\"{&quot;background_background&quot;:&quot;classic&quot;}\">\n\t\t<div class=\"elementor-element elementor-element-71a31b9 e-flex e-con-boxed e-con e-child\" data-id=\"71a31b9\" data-element_type=\"container\" data-e-type=\"container\">\n\t\t\t\t\t<div class=\"e-con-inner\">\n\t\t\t\t<div class=\"elementor-element elementor-element-7b075a0 elementor-widget__width-initial elementor-widget elementor-widget-heading\" data-id=\"7b075a0\" data-element_type=\"widget\" data-e-type=\"widget\" data-widget_type=\"heading.default\">\n\t\t\t\t<div class=\"elementor-widget-container\">\n\t\t\t\t\t<h2 class=\"elementor-heading-title elementor-size-default\">Unwanted loneliness<\/h2>\t\t\t\t<\/div>\n\t\t\t\t<\/div>\n\t\t\t\t\t<\/div>\n\t\t\t\t<\/div>\n\t\t\t\t<div class=\"elementor-element elementor-element-430fdb8 elementor-widget__width-initial elementor-widget elementor-widget-text-editor\" data-id=\"430fdb8\" data-element_type=\"widget\" data-e-type=\"widget\" data-widget_type=\"text-editor.default\">\n\t\t\t\t<div class=\"elementor-widget-container\">\n\t\t\t\t\t\t\t\t\t<p>La solitud no desitjada ha deixat de ser una q\u00fcesti\u00f3 d\u2019edat per a convertir-se en un problema completament transversal: pot afectar a qualsevol persona en qualsevol situaci\u00f3 o moment vital. Segons la Comissi\u00f3 Europea de salut mental un 22% de la poblaci\u00f3 europea se sent sola i un 13% considera que est\u00e0 a\u00efllada. Un percentatge molt similar de la ciutadania catalana a partir dels 15 anys, un 22,6%, experimenta la mateixa sensaci\u00f3 de soledat, d&#8217;acord amb l&#8217;<a href=\"https:\/\/salutweb.gencat.cat\/ca\/departament\/estadistiques-sanitaries\/enquestes\/esca\/resultats-enquesta-salut-catalunya\/\">Catalonia Health Survey<\/a>.<\/p><p>Dismantling some prejudices, it is the group of young adults \u2013 between the ages of 18 and 34 \u2013 who feel the most lonely and isolated. Young people, those who experience work or economic difficulties, those who have a disability or a chronic physical or mental health problem are more likely to suffer from this problem. <strong>Accompaniment is part of the essence of Esperan\u00e7a en L\u00ednia.<\/strong> Emotional loneliness \u2013 along with mental health problems \u2013 constitutes one of the main problems of people who seek our services.<\/p><p>As part of the entity&#039;s mission, all devices offer a space of affection and trust where people can establish a meaningful bond and alleviate the feeling of loneliness, while receiving information about which public services or community resources can help them break through this isolation.<\/p>\t\t\t\t\t\t\t\t<\/div>\n\t\t\t\t<\/div>\n\t\t\t\t<\/div>\n\t\t\t\t\t<\/div>\n\t\t\t\t<\/div>\n\t\t<div class=\"elementor-element elementor-element-213fc6e e-flex e-con-boxed e-con e-parent\" data-id=\"213fc6e\" data-element_type=\"container\" data-e-type=\"container\" data-settings=\"{&quot;background_background&quot;:&quot;classic&quot;}\">\n\t\t\t\t\t<div class=\"e-con-inner\">\n\t\t\t\t<div class=\"elementor-element elementor-element-593ff3d elementor-widget elementor-widget-spacer\" data-id=\"593ff3d\" data-element_type=\"widget\" data-e-type=\"widget\" data-widget_type=\"spacer.default\">\n\t\t\t\t<div class=\"elementor-widget-container\">\n\t\t\t\t\t\t\t<div class=\"elementor-spacer\">\n\t\t\t<div class=\"elementor-spacer-inner\"><\/div>\n\t\t<\/div>\n\t\t\t\t\t\t<\/div>\n\t\t\t\t<\/div>\n\t\t\t\t<div class=\"elementor-element elementor-element-0fe6608 elementor-widget elementor-widget-image\" data-id=\"0fe6608\" data-element_type=\"widget\" data-e-type=\"widget\" data-widget_type=\"image.default\">\n\t\t\t\t<div class=\"elementor-widget-container\">\n\t\t\t\t\t\t\t\t\t\t\t\t\t\t\t<img fetchpriority=\"high\" decoding=\"async\" width=\"1000\" height=\"685\" src=\"https:\/\/esperancaenlinia.org\/wp-content\/uploads\/2025\/02\/iStock-963018334.jpg\" class=\"attachment-large size-large wp-image-3383\" alt=\"\" srcset=\"https:\/\/esperancaenlinia.org\/wp-content\/uploads\/2025\/02\/iStock-963018334.jpg 1000w, https:\/\/esperancaenlinia.org\/wp-content\/uploads\/2025\/02\/iStock-963018334-600x411.jpg 600w, https:\/\/esperancaenlinia.org\/wp-content\/uploads\/2025\/02\/iStock-963018334-300x206.jpg 300w, https:\/\/esperancaenlinia.org\/wp-content\/uploads\/2025\/02\/iStock-963018334-768x526.jpg 768w, https:\/\/esperancaenlinia.org\/wp-content\/uploads\/2025\/02\/iStock-963018334-18x12.jpg 18w\" sizes=\"(max-width: 1000px) 100vw, 1000px\" \/>\t\t\t\t\t\t\t\t\t\t\t\t\t\t\t<\/div>\n\t\t\t\t<\/div>\n\t\t\t\t<div class=\"elementor-element elementor-element-2a567f69 elementor-widget elementor-widget-heading\" data-id=\"2a567f69\" data-element_type=\"widget\" data-e-type=\"widget\" data-widget_type=\"heading.default\">\n\t\t\t\t<div class=\"elementor-widget-container\">\n\t\t\t\t\t<h4 class=\"elementor-heading-title elementor-size-default\"><a href=\"https:\/\/esperancaenlinia.org\/en\/telefon-de-lesperanca\/\">Telephone of Hope<\/a><\/h4>\t\t\t\t<\/div>\n\t\t\t\t<\/div>\n\t\t\t\t<div class=\"elementor-element elementor-element-8bdf385 elementor-align-center elementor-icon-list--layout-traditional elementor-list-item-link-full_width elementor-widget elementor-widget-icon-list\" data-id=\"8bdf385\" data-element_type=\"widget\" data-e-type=\"widget\" data-widget_type=\"icon-list.default\">\n\t\t\t\t<div class=\"elementor-widget-container\">\n\t\t\t\t\t\t\t<ul class=\"elementor-icon-list-items\">\n\t\t\t\t\t\t\t<li class=\"elementor-icon-list-item\">\n\t\t\t\t\t\t\t\t\t\t\t<span class=\"elementor-icon-list-icon\">\n\t\t\t\t\t\t\t<svg aria-hidden=\"true\" class=\"e-font-icon-svg e-fas-phone-alt\" viewbox=\"0 0 512 512\" xmlns=\"http:\/\/www.w3.org\/2000\/svg\"><path d=\"M497.39 361.8l-112-48a24 24 0 0 0-28 6.9l-49.6 60.6A370.66 370.66 0 0 1 130.6 204.11l60.6-49.6a23.94 23.94 0 0 0 6.9-28l-48-112A24.16 24.16 0 0 0 122.6.61l-104 24A24 24 0 0 0 0 48c0 256.5 207.9 464 464 464a24 24 0 0 0 23.4-18.6l24-104a24.29 24.29 0 0 0-14.01-27.6z\"><\/path><\/svg>\t\t\t\t\t\t<\/span>\n\t\t\t\t\t\t\t\t\t\t<span class=\"elementor-icon-list-text\">93 414 48 48<\/span>\n\t\t\t\t\t\t\t\t\t<\/li>\n\t\t\t\t\t\t<\/ul>\n\t\t\t\t\t\t<\/div>\n\t\t\t\t<\/div>\n\t\t\t\t<div class=\"elementor-element elementor-element-2920039 elementor-widget elementor-widget-spacer\" data-id=\"2920039\" data-element_type=\"widget\" data-e-type=\"widget\" data-widget_type=\"spacer.default\">\n\t\t\t\t<div class=\"elementor-widget-container\">\n\t\t\t\t\t\t\t<div class=\"elementor-spacer\">\n\t\t\t<div class=\"elementor-spacer-inner\"><\/div>\n\t\t<\/div>\n\t\t\t\t\t\t<\/div>\n\t\t\t\t<\/div>\n\t\t\t\t\t<\/div>\n\t\t\t\t<\/div>\n\t\t<div class=\"elementor-element elementor-element-7719c30 e-flex e-con-boxed e-con e-parent\" data-id=\"7719c30\" data-element_type=\"container\" data-e-type=\"container\" data-settings=\"{&quot;background_background&quot;:&quot;classic&quot;}\">\n\t\t\t\t\t<div class=\"e-con-inner\">\n\t\t\t\t<div class=\"elementor-element elementor-element-63c7ed5 elementor-widget elementor-widget-spacer\" data-id=\"63c7ed5\" data-element_type=\"widget\" data-e-type=\"widget\" data-widget_type=\"spacer.default\">\n\t\t\t\t<div class=\"elementor-widget-container\">\n\t\t\t\t\t\t\t<div class=\"elementor-spacer\">\n\t\t\t<div class=\"elementor-spacer-inner\"><\/div>\n\t\t<\/div>\n\t\t\t\t\t\t<\/div>\n\t\t\t\t<\/div>\n\t\t<div class=\"elementor-element elementor-element-29aa278 e-con-full e-flex e-con e-child\" data-id=\"29aa278\" data-element_type=\"container\" data-e-type=\"container\" data-settings=\"{&quot;background_background&quot;:&quot;classic&quot;}\">\n\t\t<div class=\"elementor-element elementor-element-c2f6ecb e-con-full e-flex e-con e-child\" data-id=\"c2f6ecb\" data-element_type=\"container\" data-e-type=\"container\">\n\t\t\t\t<div class=\"elementor-element elementor-element-5700df7 elementor-widget__width-initial elementor-widget elementor-widget-heading\" data-id=\"5700df7\" data-element_type=\"widget\" data-e-type=\"widget\" data-widget_type=\"heading.default\">\n\t\t\t\t<div class=\"elementor-widget-container\">\n\t\t\t\t\t<h2 class=\"elementor-heading-title elementor-size-default\"><span><\/span><span><\/span>news<\/h2>\t\t\t\t<\/div>\n\t\t\t\t<\/div>\n\t\t\t\t<div class=\"elementor-element elementor-element-3720b39 elementor-widget elementor-widget-text-editor\" data-id=\"3720b39\" data-element_type=\"widget\" data-e-type=\"widget\" data-widget_type=\"text-editor.default\">\n\t\t\t\t<div class=\"elementor-widget-container\">\n\t\t\t\t\t\t\t\t\t<p><a href=\"https:\/\/esperancaenlinia.org\/en\/blog\/\"><span style=\"text-decoration: underline;\">See more<\/span><\/a><\/p>\t\t\t\t\t\t\t\t<\/div>\n\t\t\t\t<\/div>\n\t\t\t\t<\/div>\n\t\t\t\t<div class=\"elementor-element elementor-element-9072bf7 elementor-widget elementor-widget-loop-carousel\" data-id=\"9072bf7\" data-element_type=\"widget\" data-e-type=\"widget\" data-settings=\"{&quot;template_id&quot;:&quot;5627&quot;,&quot;image_spacing_custom&quot;:{&quot;unit&quot;:&quot;px&quot;,&quot;size&quot;:6,&quot;sizes&quot;:[]},&quot;_skin&quot;:&quot;post&quot;,&quot;slides_to_show&quot;:&quot;3&quot;,&quot;slides_to_show_laptop&quot;:&quot;3&quot;,&quot;slides_to_show_tablet&quot;:&quot;2&quot;,&quot;slides_to_show_mobile_extra&quot;:&quot;2&quot;,&quot;slides_to_show_mobile&quot;:&quot;1&quot;,&quot;slides_to_scroll&quot;:&quot;1&quot;,&quot;edit_handle_selector&quot;:&quot;.elementor-widget-container&quot;,&quot;autoplay&quot;:&quot;yes&quot;,&quot;autoplay_speed&quot;:5000,&quot;pause_on_hover&quot;:&quot;yes&quot;,&quot;pause_on_interaction&quot;:&quot;yes&quot;,&quot;infinite&quot;:&quot;yes&quot;,&quot;speed&quot;:500,&quot;offset_sides&quot;:&quot;none&quot;,&quot;image_spacing_custom_laptop&quot;:{&quot;unit&quot;:&quot;px&quot;,&quot;size&quot;:&quot;&quot;,&quot;sizes&quot;:[]},&quot;image_spacing_custom_tablet&quot;:{&quot;unit&quot;:&quot;px&quot;,&quot;size&quot;:&quot;&quot;,&quot;sizes&quot;:[]},&quot;image_spacing_custom_mobile_extra&quot;:{&quot;unit&quot;:&quot;px&quot;,&quot;size&quot;:&quot;&quot;,&quot;sizes&quot;:[]},&quot;image_spacing_custom_mobile&quot;:{&quot;unit&quot;:&quot;px&quot;,&quot;size&quot;:&quot;&quot;,&quot;sizes&quot;:[]}}\" data-widget_type=\"loop-carousel.post\">\n\t\t\t\t<div class=\"elementor-widget-container\">\n\t\t\t\t\t\t\t<div class=\"swiper elementor-loop-container elementor-grid\" dir=\"ltr\">\n\t\t\t\t<div class=\"swiper-wrapper\" aria-live=\"off\">\n\t\t<style id=\"loop-dynamic-5627\">.e-loop-item-8058 .elementor-element.elementor-element-03d8a30:not(.elementor-motion-effects-element-type-background), .e-loop-item-8058 .elementor-element.elementor-element-03d8a30 > .elementor-motion-effects-container > .elementor-motion-effects-layer{background-image:url(\"https:\/\/esperancaenlinia.org\/wp-content\/uploads\/2026\/04\/WhatsApp-Image-2026-04-15-at-13.35.25-2.jpeg\");}<\/style><style id=\"loop-5627\">.elementor-5627 .elementor-element.elementor-element-03d8a30{--display:flex;--min-height:400px;--flex-direction:column;--container-widget-width:calc( ( 1 - var( --container-widget-flex-grow ) ) * 100% );--container-widget-height:initial;--container-widget-flex-grow:0;--container-widget-align-self:initial;--flex-wrap-mobile:wrap;--justify-content:flex-end;--align-items:center;--border-radius:20px 20px 20px 20px;}.elementor-5627 .elementor-element.elementor-element-03d8a30:not(.elementor-motion-effects-element-type-background), .elementor-5627 .elementor-element.elementor-element-03d8a30 > .elementor-motion-effects-container > .elementor-motion-effects-layer{background-position:center center;background-repeat:no-repeat;background-size:cover;}.elementor-5627 .elementor-element.elementor-element-35b83e7{--display:flex;--flex-direction:column;--container-widget-width:100%;--container-widget-height:initial;--container-widget-flex-grow:0;--container-widget-align-self:initial;--flex-wrap-mobile:wrap;--border-radius:20px 20px 20px 20px;--margin-top:0px;--margin-bottom:5px;--margin-left:0px;--margin-right:0px;--padding-top:20px;--padding-bottom:20px;--padding-left:20px;--padding-right:20px;}.elementor-5627 .elementor-element.elementor-element-35b83e7:not(.elementor-motion-effects-element-type-background), .elementor-5627 .elementor-element.elementor-element-35b83e7 > .elementor-motion-effects-container > .elementor-motion-effects-layer{background-color:#F1F0ECE8;}.elementor-5627 .elementor-element.elementor-element-bc51f55{font-family:var( --e-global-typography-ac04194-font-family ), Sans-serif;font-size:var( --e-global-typography-ac04194-font-size );line-height:var( --e-global-typography-ac04194-line-height );letter-spacing:var( --e-global-typography-ac04194-letter-spacing );word-spacing:var( --e-global-typography-ac04194-word-spacing );color:var( --e-global-color-79ba8e7 );}.elementor-5627 .elementor-element.elementor-element-4700125{--display:flex;--flex-direction:row;--container-widget-width:calc( ( 1 - var( --container-widget-flex-grow ) ) * 100% );--container-widget-height:100%;--container-widget-flex-grow:1;--container-widget-align-self:stretch;--flex-wrap-mobile:wrap;--align-items:center;}.elementor-5627 .elementor-element.elementor-element-fb6d7c1{font-family:\"Nunito\", Sans-serif;font-size:18px;font-weight:700;width:var( --container-widget-width, 70% );max-width:70%;--container-widget-width:70%;--container-widget-flex-grow:0;}.elementor-5627 .elementor-element.elementor-element-6c17a3e{text-align:end;width:var( --container-widget-width, 30% );max-width:30%;--container-widget-width:30%;--container-widget-flex-grow:0;}.elementor-5627 .elementor-element.elementor-element-6c17a3e img{max-width:40px;}@media(max-width:1430px){.elementor-5627 .elementor-element.elementor-element-bc51f55{font-size:var( --e-global-typography-ac04194-font-size );line-height:var( --e-global-typography-ac04194-line-height );letter-spacing:var( --e-global-typography-ac04194-letter-spacing );word-spacing:var( --e-global-typography-ac04194-word-spacing );}}@media(max-width:1320px){.elementor-5627 .elementor-element.elementor-element-bc51f55{font-size:var( --e-global-typography-ac04194-font-size );line-height:var( --e-global-typography-ac04194-line-height );letter-spacing:var( --e-global-typography-ac04194-letter-spacing );word-spacing:var( --e-global-typography-ac04194-word-spacing );}}@media(max-width:767px){.elementor-5627 .elementor-element.elementor-element-bc51f55{font-size:var( --e-global-typography-ac04194-font-size );line-height:var( --e-global-typography-ac04194-line-height );letter-spacing:var( --e-global-typography-ac04194-letter-spacing );word-spacing:var( --e-global-typography-ac04194-word-spacing );}}@media(min-width:768px){.elementor-5627 .elementor-element.elementor-element-35b83e7{--width:99%;}.elementor-5627 .elementor-element.elementor-element-4700125{--width:100%;}}<\/style>\t\t<div data-elementor-type=\"loop-item\" data-elementor-id=\"5627\" class=\"elementor elementor-5627 swiper-slide e-loop-item e-loop-item-8058 post-8058 post type-post status-publish format-standard has-post-thumbnail hentry category-acompanyament-emocional category-adolescents-i-joves category-benestar-emocional category-collaboracio category-voluntariat\" data-elementor-post-type=\"elementor_library\" role=\"group\" aria-roledescription=\"slide\" data-custom-edit-handle=\"1\">\n\t\t\t<div class=\"elementor-element elementor-element-03d8a30 e-flex e-con-boxed e-con e-parent\" data-id=\"03d8a30\" data-element_type=\"container\" data-e-type=\"container\" data-settings=\"{&quot;background_background&quot;:&quot;classic&quot;}\">\n\t\t\t\t\t<div class=\"e-con-inner\">\n\t\t<div class=\"elementor-element elementor-element-35b83e7 e-con-full noticia-flotante e-flex e-con e-child\" data-id=\"35b83e7\" data-element_type=\"container\" data-e-type=\"container\" data-settings=\"{&quot;background_background&quot;:&quot;classic&quot;}\">\n\t\t\t\t<div class=\"elementor-element elementor-element-bc51f55 elementor-widget elementor-widget-text-editor\" data-id=\"bc51f55\" data-element_type=\"widget\" data-e-type=\"widget\" data-widget_type=\"text-editor.default\">\n\t\t\t\t<div class=\"elementor-widget-container\">\n\t\t\t\t\t\t\t\t\t15 de April de 2026\t\t\t\t\t\t\t\t<\/div>\n\t\t\t\t<\/div>\n\t\t<div class=\"elementor-element elementor-element-4700125 e-con-full e-flex e-con e-child\" data-id=\"4700125\" data-element_type=\"container\" data-e-type=\"container\">\n\t\t\t\t<div class=\"elementor-element elementor-element-fb6d7c1 elementor-widget__width-initial elementor-widget elementor-widget-text-editor\" data-id=\"fb6d7c1\" data-element_type=\"widget\" data-e-type=\"widget\" data-widget_type=\"text-editor.default\">\n\t\t\t\t<div class=\"elementor-widget-container\">\n\t\t\t\t\t\t\t\t\tJoves del centre penitenciari visiten Esperan\u00e7a en l\u00ednia\t\t\t\t\t\t\t\t<\/div>\n\t\t\t\t<\/div>\n\t\t\t\t<div class=\"elementor-element elementor-element-6c17a3e elementor-widget__width-initial elementor-widget elementor-widget-image\" data-id=\"6c17a3e\" data-element_type=\"widget\" data-e-type=\"widget\" data-widget_type=\"image.default\">\n\t\t\t\t<div class=\"elementor-widget-container\">\n\t\t\t\t\t\t\t\t\t\t\t\t\t\t\t\t<a href=\"https:\/\/esperancaenlinia.org\/en\/joves-del-centre-penitenciari-visiten-esperanca-en-linia\/\">\n\t\t\t\t\t\t\t<img decoding=\"async\" width=\"90\" height=\"90\" src=\"https:\/\/esperancaenlinia.org\/wp-content\/uploads\/2026\/01\/Arrow-Back-Streamline-Sharp-Material-I2020262442011224.png\" class=\"attachment-large size-large wp-image-5574\" alt=\"\" srcset=\"https:\/\/esperancaenlinia.org\/wp-content\/uploads\/2026\/01\/Arrow-Back-Streamline-Sharp-Material-I2020262442011224.png 90w, https:\/\/esperancaenlinia.org\/wp-content\/uploads\/2026\/01\/Arrow-Back-Streamline-Sharp-Material-I2020262442011224-12x12.png 12w\" sizes=\"(max-width: 90px) 100vw, 90px\" \/>\t\t\t\t\t\t\t\t<\/a>\n\t\t\t\t\t\t\t\t\t\t\t\t\t\t\t<\/div>\n\t\t\t\t<\/div>\n\t\t\t\t<\/div>\n\t\t\t\t<\/div>\n\t\t\t\t\t<\/div>\n\t\t\t\t<\/div>\n\t\t\t\t<\/div>\n\t\t<style id=\"loop-dynamic-5627\">.e-loop-item-7941 .elementor-element.elementor-element-03d8a30:not(.elementor-motion-effects-element-type-background), .e-loop-item-7941 .elementor-element.elementor-element-03d8a30 > .elementor-motion-effects-container > .elementor-motion-effects-layer{background-image:url(\"https:\/\/esperancaenlinia.org\/wp-content\/uploads\/2026\/04\/Montse-Cardellach.jpg\");}<\/style>\t\t<div data-elementor-type=\"loop-item\" data-elementor-id=\"5627\" class=\"elementor elementor-5627 swiper-slide e-loop-item e-loop-item-7941 post-7941 post type-post status-publish format-standard has-post-thumbnail hentry category-acompanyament-emocional category-adolescents-i-joves category-benestar-emocional category-sin-categoria category-voluntariat tag-suport-emocional tag-voluntariat\" data-elementor-post-type=\"elementor_library\" role=\"group\" aria-roledescription=\"slide\" data-custom-edit-handle=\"1\">\n\t\t\t<div class=\"elementor-element elementor-element-03d8a30 e-flex e-con-boxed e-con e-parent\" data-id=\"03d8a30\" data-element_type=\"container\" data-e-type=\"container\" data-settings=\"{&quot;background_background&quot;:&quot;classic&quot;}\">\n\t\t\t\t\t<div class=\"e-con-inner\">\n\t\t<div class=\"elementor-element elementor-element-35b83e7 e-con-full noticia-flotante e-flex e-con e-child\" data-id=\"35b83e7\" data-element_type=\"container\" data-e-type=\"container\" data-settings=\"{&quot;background_background&quot;:&quot;classic&quot;}\">\n\t\t\t\t<div class=\"elementor-element elementor-element-bc51f55 elementor-widget elementor-widget-text-editor\" data-id=\"bc51f55\" data-element_type=\"widget\" data-e-type=\"widget\" data-widget_type=\"text-editor.default\">\n\t\t\t\t<div class=\"elementor-widget-container\">\n\t\t\t\t\t\t\t\t\t10 de April de 2026\t\t\t\t\t\t\t\t<\/div>\n\t\t\t\t<\/div>\n\t\t<div class=\"elementor-element elementor-element-4700125 e-con-full e-flex e-con e-child\" data-id=\"4700125\" data-element_type=\"container\" data-e-type=\"container\">\n\t\t\t\t<div class=\"elementor-element elementor-element-fb6d7c1 elementor-widget__width-initial elementor-widget elementor-widget-text-editor\" data-id=\"fb6d7c1\" data-element_type=\"widget\" data-e-type=\"widget\" data-widget_type=\"text-editor.default\">\n\t\t\t\t<div class=\"elementor-widget-container\">\n\t\t\t\t\t\t\t\t\tMontse, volunt\u00e0ria dels serveis de xat: &#8220;Em vaig adonar que havia de\u00a0desaprendre\u00a0moltes coses&#8221;\t\t\t\t\t\t\t\t<\/div>\n\t\t\t\t<\/div>\n\t\t\t\t<div class=\"elementor-element elementor-element-6c17a3e elementor-widget__width-initial elementor-widget elementor-widget-image\" data-id=\"6c17a3e\" data-element_type=\"widget\" data-e-type=\"widget\" data-widget_type=\"image.default\">\n\t\t\t\t<div class=\"elementor-widget-container\">\n\t\t\t\t\t\t\t\t\t\t\t\t\t\t\t\t<a href=\"https:\/\/esperancaenlinia.org\/en\/montse-voluntaria-dels-serveis-de-xat-em-vaig-adonar-que-havia-de-desaprendre-moltes-coses\/\">\n\t\t\t\t\t\t\t<img decoding=\"async\" width=\"90\" height=\"90\" src=\"https:\/\/esperancaenlinia.org\/wp-content\/uploads\/2026\/01\/Arrow-Back-Streamline-Sharp-Material-I2020262442011224.png\" class=\"attachment-large size-large wp-image-5574\" alt=\"\" srcset=\"https:\/\/esperancaenlinia.org\/wp-content\/uploads\/2026\/01\/Arrow-Back-Streamline-Sharp-Material-I2020262442011224.png 90w, https:\/\/esperancaenlinia.org\/wp-content\/uploads\/2026\/01\/Arrow-Back-Streamline-Sharp-Material-I2020262442011224-12x12.png 12w\" sizes=\"(max-width: 90px) 100vw, 90px\" \/>\t\t\t\t\t\t\t\t<\/a>\n\t\t\t\t\t\t\t\t\t\t\t\t\t\t\t<\/div>\n\t\t\t\t<\/div>\n\t\t\t\t<\/div>\n\t\t\t\t<\/div>\n\t\t\t\t\t<\/div>\n\t\t\t\t<\/div>\n\t\t\t\t<\/div>\n\t\t\t\t<div data-elementor-type=\"loop-item\" data-elementor-id=\"5627\" class=\"elementor elementor-5627 swiper-slide e-loop-item e-loop-item-8087 post-8087 post type-post status-publish format-standard hentry category-sin-categoria\" data-elementor-post-type=\"elementor_library\" role=\"group\" aria-roledescription=\"slide\" data-custom-edit-handle=\"1\">\n\t\t\t<div class=\"elementor-element elementor-element-03d8a30 e-flex e-con-boxed e-con e-parent\" data-id=\"03d8a30\" data-element_type=\"container\" data-e-type=\"container\" data-settings=\"{&quot;background_background&quot;:&quot;classic&quot;}\">\n\t\t\t\t\t<div class=\"e-con-inner\">\n\t\t<div class=\"elementor-element elementor-element-35b83e7 e-con-full noticia-flotante e-flex e-con e-child\" data-id=\"35b83e7\" data-element_type=\"container\" data-e-type=\"container\" data-settings=\"{&quot;background_background&quot;:&quot;classic&quot;}\">\n\t\t\t\t<div class=\"elementor-element elementor-element-bc51f55 elementor-widget elementor-widget-text-editor\" data-id=\"bc51f55\" data-element_type=\"widget\" data-e-type=\"widget\" data-widget_type=\"text-editor.default\">\n\t\t\t\t<div class=\"elementor-widget-container\">\n\t\t\t\t\t\t\t\t\t13 de March de 2026\t\t\t\t\t\t\t\t<\/div>\n\t\t\t\t<\/div>\n\t\t<div class=\"elementor-element elementor-element-4700125 e-con-full e-flex e-con e-child\" data-id=\"4700125\" data-element_type=\"container\" data-e-type=\"container\">\n\t\t\t\t<div class=\"elementor-element elementor-element-fb6d7c1 elementor-widget__width-initial elementor-widget elementor-widget-text-editor\" data-id=\"fb6d7c1\" data-element_type=\"widget\" data-e-type=\"widget\" data-widget_type=\"text-editor.default\">\n\t\t\t\t<div class=\"elementor-widget-container\">\n\t\t\t\t\t\t\t\t\tEines contra la soledat no desitjada per al voluntariat de Radars\t\t\t\t\t\t\t\t<\/div>\n\t\t\t\t<\/div>\n\t\t\t\t<div class=\"elementor-element elementor-element-6c17a3e elementor-widget__width-initial elementor-widget elementor-widget-image\" data-id=\"6c17a3e\" data-element_type=\"widget\" data-e-type=\"widget\" data-widget_type=\"image.default\">\n\t\t\t\t<div class=\"elementor-widget-container\">\n\t\t\t\t\t\t\t\t\t\t\t\t\t\t\t\t<a href=\"https:\/\/esperancaenlinia.org\/en\/eines-contra-la-soledat-no-desitjada-per-al-voluntariat-de-radars\/\">\n\t\t\t\t\t\t\t<img decoding=\"async\" width=\"90\" height=\"90\" src=\"https:\/\/esperancaenlinia.org\/wp-content\/uploads\/2026\/01\/Arrow-Back-Streamline-Sharp-Material-I2020262442011224.png\" class=\"attachment-large size-large wp-image-5574\" alt=\"\" srcset=\"https:\/\/esperancaenlinia.org\/wp-content\/uploads\/2026\/01\/Arrow-Back-Streamline-Sharp-Material-I2020262442011224.png 90w, https:\/\/esperancaenlinia.org\/wp-content\/uploads\/2026\/01\/Arrow-Back-Streamline-Sharp-Material-I2020262442011224-12x12.png 12w\" sizes=\"(max-width: 90px) 100vw, 90px\" \/>\t\t\t\t\t\t\t\t<\/a>\n\t\t\t\t\t\t\t\t\t\t\t\t\t\t\t<\/div>\n\t\t\t\t<\/div>\n\t\t\t\t<\/div>\n\t\t\t\t<\/div>\n\t\t\t\t\t<\/div>\n\t\t\t\t<\/div>\n\t\t\t\t<\/div>\n\t\t<style id=\"loop-dynamic-5627\">.e-loop-item-7802 .elementor-element.elementor-element-03d8a30:not(.elementor-motion-effects-element-type-background), .e-loop-item-7802 .elementor-element.elementor-element-03d8a30 > .elementor-motion-effects-container > .elementor-motion-effects-layer{background-image:url(\"https:\/\/esperancaenlinia.org\/wp-content\/uploads\/2026\/02\/pexels-raypriatna-8131137-scaled.jpg\");}<\/style>\t\t<div data-elementor-type=\"loop-item\" data-elementor-id=\"5627\" class=\"elementor elementor-5627 swiper-slide e-loop-item e-loop-item-7802 post-7802 post type-post status-publish format-standard has-post-thumbnail hentry category-acompanyament-emocional category-adolescents-i-joves category-voluntariat tag-suport-emocional tag-voluntariat\" data-elementor-post-type=\"elementor_library\" role=\"group\" aria-roledescription=\"slide\" data-custom-edit-handle=\"1\">\n\t\t\t<div class=\"elementor-element elementor-element-03d8a30 e-flex e-con-boxed e-con e-parent\" data-id=\"03d8a30\" data-element_type=\"container\" data-e-type=\"container\" data-settings=\"{&quot;background_background&quot;:&quot;classic&quot;}\">\n\t\t\t\t\t<div class=\"e-con-inner\">\n\t\t<div class=\"elementor-element elementor-element-35b83e7 e-con-full noticia-flotante e-flex e-con e-child\" data-id=\"35b83e7\" data-element_type=\"container\" data-e-type=\"container\" data-settings=\"{&quot;background_background&quot;:&quot;classic&quot;}\">\n\t\t\t\t<div class=\"elementor-element elementor-element-bc51f55 elementor-widget elementor-widget-text-editor\" data-id=\"bc51f55\" data-element_type=\"widget\" data-e-type=\"widget\" data-widget_type=\"text-editor.default\">\n\t\t\t\t<div class=\"elementor-widget-container\">\n\t\t\t\t\t\t\t\t\t25 de February de 2026\t\t\t\t\t\t\t\t<\/div>\n\t\t\t\t<\/div>\n\t\t<div class=\"elementor-element elementor-element-4700125 e-con-full e-flex e-con e-child\" data-id=\"4700125\" data-element_type=\"container\" data-e-type=\"container\">\n\t\t\t\t<div class=\"elementor-element elementor-element-fb6d7c1 elementor-widget__width-initial elementor-widget elementor-widget-text-editor\" data-id=\"fb6d7c1\" data-element_type=\"widget\" data-e-type=\"widget\" data-widget_type=\"text-editor.default\">\n\t\t\t\t<div class=\"elementor-widget-container\">\n\t\t\t\t\t\t\t\t\tJudit, volunt\u00e0ria dels serveis de xat: &#8220;Amb aquest voluntariat he apr\u00e8s la import\u00e0ncia i el poder d\u2019escoltar&#8221;\t\t\t\t\t\t\t\t<\/div>\n\t\t\t\t<\/div>\n\t\t\t\t<div class=\"elementor-element elementor-element-6c17a3e elementor-widget__width-initial elementor-widget elementor-widget-image\" data-id=\"6c17a3e\" data-element_type=\"widget\" data-e-type=\"widget\" data-widget_type=\"image.default\">\n\t\t\t\t<div class=\"elementor-widget-container\">\n\t\t\t\t\t\t\t\t\t\t\t\t\t\t\t\t<a href=\"https:\/\/esperancaenlinia.org\/en\/judit-voluntaria-dels-serveis-descolta-en-xat-amb-aquest-voluntariat-he-apres-la-importancia-i-el-poder-descoltar\/\">\n\t\t\t\t\t\t\t<img decoding=\"async\" width=\"90\" height=\"90\" src=\"https:\/\/esperancaenlinia.org\/wp-content\/uploads\/2026\/01\/Arrow-Back-Streamline-Sharp-Material-I2020262442011224.png\" class=\"attachment-large size-large wp-image-5574\" alt=\"\" srcset=\"https:\/\/esperancaenlinia.org\/wp-content\/uploads\/2026\/01\/Arrow-Back-Streamline-Sharp-Material-I2020262442011224.png 90w, https:\/\/esperancaenlinia.org\/wp-content\/uploads\/2026\/01\/Arrow-Back-Streamline-Sharp-Material-I2020262442011224-12x12.png 12w\" sizes=\"(max-width: 90px) 100vw, 90px\" \/>\t\t\t\t\t\t\t\t<\/a>\n\t\t\t\t\t\t\t\t\t\t\t\t\t\t\t<\/div>\n\t\t\t\t<\/div>\n\t\t\t\t<\/div>\n\t\t\t\t<\/div>\n\t\t\t\t\t<\/div>\n\t\t\t\t<\/div>\n\t\t\t\t<\/div>\n\t\t<style id=\"loop-dynamic-5627\">.e-loop-item-5158 .elementor-element.elementor-element-03d8a30:not(.elementor-motion-effects-element-type-background), .e-loop-item-5158 .elementor-element.elementor-element-03d8a30 > .elementor-motion-effects-container > .elementor-motion-effects-layer{background-image:url(\"https:\/\/esperancaenlinia.org\/wp-content\/uploads\/2025\/10\/thmbnail-campus.png\");}<\/style>\t\t<div data-elementor-type=\"loop-item\" data-elementor-id=\"5627\" class=\"elementor elementor-5627 swiper-slide e-loop-item e-loop-item-5158 post-5158 post type-post status-publish format-standard has-post-thumbnail hentry category-benestar-emocional category-prevencio-del-suicidi category-salut-mental tag-campus tag-formacio tag-presentacio tag-voluntariat\" data-elementor-post-type=\"elementor_library\" role=\"group\" aria-roledescription=\"slide\" data-custom-edit-handle=\"1\">\n\t\t\t<div class=\"elementor-element elementor-element-03d8a30 e-flex e-con-boxed e-con e-parent\" data-id=\"03d8a30\" data-element_type=\"container\" data-e-type=\"container\" data-settings=\"{&quot;background_background&quot;:&quot;classic&quot;}\">\n\t\t\t\t\t<div class=\"e-con-inner\">\n\t\t<div class=\"elementor-element elementor-element-35b83e7 e-con-full noticia-flotante e-flex e-con e-child\" data-id=\"35b83e7\" data-element_type=\"container\" data-e-type=\"container\" data-settings=\"{&quot;background_background&quot;:&quot;classic&quot;}\">\n\t\t\t\t<div class=\"elementor-element elementor-element-bc51f55 elementor-widget elementor-widget-text-editor\" data-id=\"bc51f55\" data-element_type=\"widget\" data-e-type=\"widget\" data-widget_type=\"text-editor.default\">\n\t\t\t\t<div class=\"elementor-widget-container\">\n\t\t\t\t\t\t\t\t\tOctober 12, 2025\t\t\t\t\t\t\t\t<\/div>\n\t\t\t\t<\/div>\n\t\t<div class=\"elementor-element elementor-element-4700125 e-con-full e-flex e-con e-child\" data-id=\"4700125\" data-element_type=\"container\" data-e-type=\"container\">\n\t\t\t\t<div class=\"elementor-element elementor-element-fb6d7c1 elementor-widget__width-initial elementor-widget elementor-widget-text-editor\" data-id=\"fb6d7c1\" data-element_type=\"widget\" data-e-type=\"widget\" data-widget_type=\"text-editor.default\">\n\t\t\t\t<div class=\"elementor-widget-container\">\n\t\t\t\t\t\t\t\t\tPresentation of the Volunteer Support Network at the Social Hub\t\t\t\t\t\t\t\t<\/div>\n\t\t\t\t<\/div>\n\t\t\t\t<div class=\"elementor-element elementor-element-6c17a3e elementor-widget__width-initial elementor-widget elementor-widget-image\" data-id=\"6c17a3e\" data-element_type=\"widget\" data-e-type=\"widget\" data-widget_type=\"image.default\">\n\t\t\t\t<div class=\"elementor-widget-container\">\n\t\t\t\t\t\t\t\t\t\t\t\t\t\t\t\t<a href=\"https:\/\/esperancaenlinia.org\/en\/presentacio-de-la-xarxa-de-suport-al-voluntariat-al-hub-social\/\">\n\t\t\t\t\t\t\t<img decoding=\"async\" width=\"90\" height=\"90\" src=\"https:\/\/esperancaenlinia.org\/wp-content\/uploads\/2026\/01\/Arrow-Back-Streamline-Sharp-Material-I2020262442011224.png\" class=\"attachment-large size-large wp-image-5574\" alt=\"\" srcset=\"https:\/\/esperancaenlinia.org\/wp-content\/uploads\/2026\/01\/Arrow-Back-Streamline-Sharp-Material-I2020262442011224.png 90w, https:\/\/esperancaenlinia.org\/wp-content\/uploads\/2026\/01\/Arrow-Back-Streamline-Sharp-Material-I2020262442011224-12x12.png 12w\" sizes=\"(max-width: 90px) 100vw, 90px\" \/>\t\t\t\t\t\t\t\t<\/a>\n\t\t\t\t\t\t\t\t\t\t\t\t\t\t\t<\/div>\n\t\t\t\t<\/div>\n\t\t\t\t<\/div>\n\t\t\t\t<\/div>\n\t\t\t\t\t<\/div>\n\t\t\t\t<\/div>\n\t\t\t\t<\/div>\n\t\t<style id=\"loop-dynamic-5627\">.e-loop-item-5044 .elementor-element.elementor-element-03d8a30:not(.elementor-motion-effects-element-type-background), .e-loop-item-5044 .elementor-element.elementor-element-03d8a30 > .elementor-motion-effects-container > .elementor-motion-effects-layer{background-image:url(\"https:\/\/esperancaenlinia.org\/wp-content\/uploads\/2025\/10\/ave-calvar-6uAssP0vuPs-unsplash.jpg\");}<\/style>\t\t<div data-elementor-type=\"loop-item\" data-elementor-id=\"5627\" class=\"elementor elementor-5627 swiper-slide e-loop-item e-loop-item-5044 post-5044 post type-post status-publish format-standard has-post-thumbnail hentry category-benestar-emocional category-voluntariat tag-campus tag-ministerio-de-derechos-sociales tag-red-de-apoyo tag-voluntariat tag-xarxa-de-suport\" data-elementor-post-type=\"elementor_library\" role=\"group\" aria-roledescription=\"slide\" data-custom-edit-handle=\"1\">\n\t\t\t<div class=\"elementor-element elementor-element-03d8a30 e-flex e-con-boxed e-con e-parent\" data-id=\"03d8a30\" data-element_type=\"container\" data-e-type=\"container\" data-settings=\"{&quot;background_background&quot;:&quot;classic&quot;}\">\n\t\t\t\t\t<div class=\"e-con-inner\">\n\t\t<div class=\"elementor-element elementor-element-35b83e7 e-con-full noticia-flotante e-flex e-con e-child\" data-id=\"35b83e7\" data-element_type=\"container\" data-e-type=\"container\" data-settings=\"{&quot;background_background&quot;:&quot;classic&quot;}\">\n\t\t\t\t<div class=\"elementor-element elementor-element-bc51f55 elementor-widget elementor-widget-text-editor\" data-id=\"bc51f55\" data-element_type=\"widget\" data-e-type=\"widget\" data-widget_type=\"text-editor.default\">\n\t\t\t\t<div class=\"elementor-widget-container\">\n\t\t\t\t\t\t\t\t\tOctober 6, 2025\t\t\t\t\t\t\t\t<\/div>\n\t\t\t\t<\/div>\n\t\t<div class=\"elementor-element elementor-element-4700125 e-con-full e-flex e-con e-child\" data-id=\"4700125\" data-element_type=\"container\" data-e-type=\"container\">\n\t\t\t\t<div class=\"elementor-element elementor-element-fb6d7c1 elementor-widget__width-initial elementor-widget elementor-widget-text-editor\" data-id=\"fb6d7c1\" data-element_type=\"widget\" data-e-type=\"widget\" data-widget_type=\"text-editor.default\">\n\t\t\t\t<div class=\"elementor-widget-container\">\n\t\t\t\t\t\t\t\t\tThe Esperan\u00e7a Online Campus is born\t\t\t\t\t\t\t\t<\/div>\n\t\t\t\t<\/div>\n\t\t\t\t<div class=\"elementor-element elementor-element-6c17a3e elementor-widget__width-initial elementor-widget elementor-widget-image\" data-id=\"6c17a3e\" data-element_type=\"widget\" data-e-type=\"widget\" data-widget_type=\"image.default\">\n\t\t\t\t<div class=\"elementor-widget-container\">\n\t\t\t\t\t\t\t\t\t\t\t\t\t\t\t\t<a href=\"https:\/\/esperancaenlinia.org\/en\/neix-el-campus-esperanca-en-linia\/\">\n\t\t\t\t\t\t\t<img decoding=\"async\" width=\"90\" height=\"90\" src=\"https:\/\/esperancaenlinia.org\/wp-content\/uploads\/2026\/01\/Arrow-Back-Streamline-Sharp-Material-I2020262442011224.png\" class=\"attachment-large size-large wp-image-5574\" alt=\"\" srcset=\"https:\/\/esperancaenlinia.org\/wp-content\/uploads\/2026\/01\/Arrow-Back-Streamline-Sharp-Material-I2020262442011224.png 90w, https:\/\/esperancaenlinia.org\/wp-content\/uploads\/2026\/01\/Arrow-Back-Streamline-Sharp-Material-I2020262442011224-12x12.png 12w\" sizes=\"(max-width: 90px) 100vw, 90px\" \/>\t\t\t\t\t\t\t\t<\/a>\n\t\t\t\t\t\t\t\t\t\t\t\t\t\t\t<\/div>\n\t\t\t\t<\/div>\n\t\t\t\t<\/div>\n\t\t\t\t<\/div>\n\t\t\t\t\t<\/div>\n\t\t\t\t<\/div>\n\t\t\t\t<\/div>\n\t\t\t\t<\/div>\n\t\t<\/div>\n\t\t\t\t\t\t<\/div>\n\t\t\t\t<\/div>\n\t\t\t\t<\/div>\n\t\t\t\t\t<\/div>\n\t\t\t\t<\/div>\n\t\t<div class=\"elementor-element elementor-element-a0f2b64 e-flex e-con-boxed e-con e-parent\" data-id=\"a0f2b64\" data-element_type=\"container\" data-e-type=\"container\">\n\t\t\t\t\t<div class=\"e-con-inner\">\n\t\t\t\t<div class=\"elementor-element elementor-element-4eae348 elementor-widget elementor-widget-spacer\" data-id=\"4eae348\" data-element_type=\"widget\" data-e-type=\"widget\" data-widget_type=\"spacer.default\">\n\t\t\t\t<div class=\"elementor-widget-container\">\n\t\t\t\t\t\t\t<div class=\"elementor-spacer\">\n\t\t\t<div class=\"elementor-spacer-inner\"><\/div>\n\t\t<\/div>\n\t\t\t\t\t\t<\/div>\n\t\t\t\t<\/div>\n\t\t\t\t\t<\/div>\n\t\t\t\t<\/div>\n\t\t<div class=\"elementor-element elementor-element-5d25bee e-flex e-con-boxed e-con e-parent\" data-id=\"5d25bee\" data-element_type=\"container\" data-e-type=\"container\">\n\t\t\t\t\t<div class=\"e-con-inner\">\n\t\t\t\t<div class=\"elementor-element elementor-element-4070af6 elementor-widget elementor-widget-spacer\" data-id=\"4070af6\" data-element_type=\"widget\" data-e-type=\"widget\" data-widget_type=\"spacer.default\">\n\t\t\t\t<div class=\"elementor-widget-container\">\n\t\t\t\t\t\t\t<div class=\"elementor-spacer\">\n\t\t\t<div class=\"elementor-spacer-inner\"><\/div>\n\t\t<\/div>\n\t\t\t\t\t\t<\/div>\n\t\t\t\t<\/div>\n\t\t\t\t\t<\/div>\n\t\t\t\t<\/div>\n\t\t\t\t<\/div>","protected":false},"excerpt":{"rendered":"<p>Inici | Solitud no desitjada Solitud no desitjada Solitud no desitjada La solitud no desitjada ha deixat de ser una q\u00fcesti\u00f3 d\u2019edat per a convertir-se en un problema completament transversal: pot afectar a qualsevol persona en qualsevol situaci\u00f3 o moment vital. Segons la Comissi\u00f3 Europea de salut mental un 22% de la poblaci\u00f3 europea se&hellip;&nbsp;<a href=\"https:\/\/esperancaenlinia.org\/en\/neix-el-campus-esperanca-en-linia\/\" rel=\"bookmark\"><span class=\"screen-reader-text\">The Esperan\u00e7a Online Campus is born<\/span><\/a><\/p>","protected":false},"author":1,"featured_media":0,"parent":0,"menu_order":0,"comment_status":"closed","ping_status":"closed","template":"elementor_header_footer","meta":{"neve_meta_sidebar":"","neve_meta_container":"","neve_meta_enable_content_width":"off","neve_meta_content_width":100,"neve_meta_title_alignment":"","neve_meta_author_avatar":"","neve_post_elements_order":"","neve_meta_disable_header":"","neve_meta_disable_footer":"","neve_meta_disable_title":"","footnotes":""},"class_list":["post-1009","page","type-page","status-publish","hentry"],"yoast_head":"<!-- This site is optimized with the Yoast SEO plugin v27.1.1 - https:\/\/yoast.com\/product\/yoast-seo-wordpress\/ -->\n<title>Solitud no desitjada - Fundaci\u00f3n Ajuda i Esperan\u00e7a<\/title>\n<meta name=\"robots\" content=\"index, follow, max-snippet:-1, max-image-preview:large, max-video-preview:-1\" \/>\n<link rel=\"canonical\" href=\"https:\/\/esperancaenlinia.org\/en\/solitud-no-desitjada\/\" \/>\n<meta property=\"og:locale\" content=\"en_GB\" \/>\n<meta property=\"og:type\" content=\"article\" \/>\n<meta property=\"og:title\" content=\"Solitud no desitjada - Fundaci\u00f3n Ajuda i Esperan\u00e7a\" \/>\n<meta property=\"og:description\" content=\"Inici | Solitud no desitjada Solitud no desitjada Solitud no desitjada La solitud no desitjada ha deixat de ser una q\u00fcesti\u00f3 d\u2019edat per a convertir-se en un problema completament transversal: pot afectar a qualsevol persona en qualsevol situaci\u00f3 o moment vital. Segons la Comissi\u00f3 Europea de salut mental un 22% de la poblaci\u00f3 europea se&hellip;&nbsp;Neix el Campus Esperan\u00e7a en L\u00ednia\" \/>\n<meta property=\"og:url\" content=\"https:\/\/esperancaenlinia.org\/en\/solitud-no-desitjada\/\" \/>\n<meta property=\"og:site_name\" content=\"Fundaci\u00f3n Ajuda i Esperan\u00e7a\" \/>\n<meta property=\"article:modified_time\" content=\"2026-02-11T10:01:49+00:00\" \/>\n<meta property=\"og:image\" content=\"https:\/\/esperancaenlinia.org\/wp-content\/uploads\/2025\/02\/iStock-963018334.jpg\" \/>\n\t<meta property=\"og:image:width\" content=\"1000\" \/>\n\t<meta property=\"og:image:height\" content=\"685\" \/>\n\t<meta property=\"og:image:type\" content=\"image\/jpeg\" \/>\n<meta name=\"twitter:card\" content=\"summary_large_image\" \/>\n<meta name=\"twitter:label1\" content=\"Estimated reading time\" \/>\n\t<meta name=\"twitter:data1\" content=\"7 minutes\" \/>\n<script type=\"application\/ld+json\" class=\"yoast-schema-graph\">{\"@context\":\"https:\/\/schema.org\",\"@graph\":[{\"@type\":\"WebPage\",\"@id\":\"https:\/\/esperancaenlinia.org\/solitud-no-desitjada\/\",\"url\":\"https:\/\/esperancaenlinia.org\/solitud-no-desitjada\/\",\"name\":\"Solitud no desitjada - Fundaci\u00f3n Ajuda i Esperan\u00e7a\",\"isPartOf\":{\"@id\":\"https:\/\/esperancaenlinia.org\/#website\"},\"primaryImageOfPage\":{\"@id\":\"https:\/\/esperancaenlinia.org\/solitud-no-desitjada\/#primaryimage\"},\"image\":{\"@id\":\"https:\/\/esperancaenlinia.org\/solitud-no-desitjada\/#primaryimage\"},\"thumbnailUrl\":\"https:\/\/esperancaenlinia.org\/wp-content\/uploads\/2025\/02\/iStock-963018334.jpg\",\"datePublished\":\"2024-05-06T20:02:34+00:00\",\"dateModified\":\"2026-02-11T10:01:49+00:00\",\"breadcrumb\":{\"@id\":\"https:\/\/esperancaenlinia.org\/solitud-no-desitjada\/#breadcrumb\"},\"inLanguage\":\"en-GB\",\"potentialAction\":[{\"@type\":\"ReadAction\",\"target\":[\"https:\/\/esperancaenlinia.org\/solitud-no-desitjada\/\"]}]},{\"@type\":\"ImageObject\",\"inLanguage\":\"en-GB\",\"@id\":\"https:\/\/esperancaenlinia.org\/solitud-no-desitjada\/#primaryimage\",\"url\":\"https:\/\/esperancaenlinia.org\/wp-content\/uploads\/2025\/02\/iStock-963018334.jpg\",\"contentUrl\":\"https:\/\/esperancaenlinia.org\/wp-content\/uploads\/2025\/02\/iStock-963018334.jpg\"},{\"@type\":\"BreadcrumbList\",\"@id\":\"https:\/\/esperancaenlinia.org\/solitud-no-desitjada\/#breadcrumb\",\"itemListElement\":[{\"@type\":\"ListItem\",\"position\":1,\"name\":\"Portada\",\"item\":\"https:\/\/esperancaenlinia.org\/\"},{\"@type\":\"ListItem\",\"position\":2,\"name\":\"Solitud no desitjada\"}]},{\"@type\":\"WebSite\",\"@id\":\"https:\/\/esperancaenlinia.org\/#website\",\"url\":\"https:\/\/esperancaenlinia.org\/\",\"name\":\"Fundaci\u00f3n Ajuda i Esperan\u00e7a\",\"description\":\"\",\"publisher\":{\"@id\":\"https:\/\/esperancaenlinia.org\/#organization\"},\"potentialAction\":[{\"@type\":\"SearchAction\",\"target\":{\"@type\":\"EntryPoint\",\"urlTemplate\":\"https:\/\/esperancaenlinia.org\/?s={search_term_string}\"},\"query-input\":{\"@type\":\"PropertyValueSpecification\",\"valueRequired\":true,\"valueName\":\"search_term_string\"}}],\"inLanguage\":\"en-GB\"},{\"@type\":\"Organization\",\"@id\":\"https:\/\/esperancaenlinia.org\/#organization\",\"name\":\"Fundaci\u00f3n Ajuda i Esperan\u00e7a\",\"url\":\"https:\/\/esperancaenlinia.org\/\",\"logo\":{\"@type\":\"ImageObject\",\"inLanguage\":\"en-GB\",\"@id\":\"https:\/\/esperancaenlinia.org\/#\/schema\/logo\/image\/\",\"url\":\"https:\/\/esperancaenlinia.org\/wp-content\/uploads\/2024\/04\/logo-1.png\",\"contentUrl\":\"https:\/\/esperancaenlinia.org\/wp-content\/uploads\/2024\/04\/logo-1.png\",\"width\":662,\"height\":200,\"caption\":\"Fundaci\u00f3n Ajuda i Esperan\u00e7a\"},\"image\":{\"@id\":\"https:\/\/esperancaenlinia.org\/#\/schema\/logo\/image\/\"}}]}<\/script>\n<!-- \/ Yoast SEO plugin. -->","yoast_head_json":{"title":"Unwanted loneliness - Ajuda i Esperan\u00e7a Foundation","robots":{"index":"index","follow":"follow","max-snippet":"max-snippet:-1","max-image-preview":"max-image-preview:large","max-video-preview":"max-video-preview:-1"},"canonical":"https:\/\/esperancaenlinia.org\/en\/solitud-no-desitjada\/","og_locale":"en_GB","og_type":"article","og_title":"Solitud no desitjada - Fundaci\u00f3n Ajuda i Esperan\u00e7a","og_description":"Inici | Solitud no desitjada Solitud no desitjada Solitud no desitjada La solitud no desitjada ha deixat de ser una q\u00fcesti\u00f3 d\u2019edat per a convertir-se en un problema completament transversal: pot afectar a qualsevol persona en qualsevol situaci\u00f3 o moment vital. Segons la Comissi\u00f3 Europea de salut mental un 22% de la poblaci\u00f3 europea se&hellip;&nbsp;Neix el Campus Esperan\u00e7a en L\u00ednia","og_url":"https:\/\/esperancaenlinia.org\/en\/solitud-no-desitjada\/","og_site_name":"Fundaci\u00f3n Ajuda i Esperan\u00e7a","article_modified_time":"2026-02-11T10:01:49+00:00","og_image":[{"width":1000,"height":685,"url":"https:\/\/esperancaenlinia.org\/wp-content\/uploads\/2025\/02\/iStock-963018334.jpg","type":"image\/jpeg"}],"twitter_card":"summary_large_image","twitter_misc":{"Estimated reading time":"7 minutes"},"schema":{"@context":"https:\/\/schema.org","@graph":[{"@type":"WebPage","@id":"https:\/\/esperancaenlinia.org\/solitud-no-desitjada\/","url":"https:\/\/esperancaenlinia.org\/solitud-no-desitjada\/","name":"Unwanted loneliness - Ajuda i Esperan\u00e7a Foundation","isPartOf":{"@id":"https:\/\/esperancaenlinia.org\/#website"},"primaryImageOfPage":{"@id":"https:\/\/esperancaenlinia.org\/solitud-no-desitjada\/#primaryimage"},"image":{"@id":"https:\/\/esperancaenlinia.org\/solitud-no-desitjada\/#primaryimage"},"thumbnailUrl":"https:\/\/esperancaenlinia.org\/wp-content\/uploads\/2025\/02\/iStock-963018334.jpg","datePublished":"2024-05-06T20:02:34+00:00","dateModified":"2026-02-11T10:01:49+00:00","breadcrumb":{"@id":"https:\/\/esperancaenlinia.org\/solitud-no-desitjada\/#breadcrumb"},"inLanguage":"en-GB","potentialAction":[{"@type":"ReadAction","target":["https:\/\/esperancaenlinia.org\/solitud-no-desitjada\/"]}]},{"@type":"ImageObject","inLanguage":"en-GB","@id":"https:\/\/esperancaenlinia.org\/solitud-no-desitjada\/#primaryimage","url":"https:\/\/esperancaenlinia.org\/wp-content\/uploads\/2025\/02\/iStock-963018334.jpg","contentUrl":"https:\/\/esperancaenlinia.org\/wp-content\/uploads\/2025\/02\/iStock-963018334.jpg"},{"@type":"BreadcrumbList","@id":"https:\/\/esperancaenlinia.org\/solitud-no-desitjada\/#breadcrumb","itemListElement":[{"@type":"ListItem","position":1,"name":"Portada","item":"https:\/\/esperancaenlinia.org\/"},{"@type":"ListItem","position":2,"name":"Solitud no desitjada"}]},{"@type":"WebSite","@id":"https:\/\/esperancaenlinia.org\/#website","url":"https:\/\/esperancaenlinia.org\/","name":"Fundaci\u00f3n Ajuda i Esperan\u00e7a","description":"","publisher":{"@id":"https:\/\/esperancaenlinia.org\/#organization"},"potentialAction":[{"@type":"SearchAction","target":{"@type":"EntryPoint","urlTemplate":"https:\/\/esperancaenlinia.org\/?s={search_term_string}"},"query-input":{"@type":"PropertyValueSpecification","valueRequired":true,"valueName":"search_term_string"}}],"inLanguage":"en-GB"},{"@type":"Organization","@id":"https:\/\/esperancaenlinia.org\/#organization","name":"Fundaci\u00f3n Ajuda i Esperan\u00e7a","url":"https:\/\/esperancaenlinia.org\/","logo":{"@type":"ImageObject","inLanguage":"en-GB","@id":"https:\/\/esperancaenlinia.org\/#\/schema\/logo\/image\/","url":"https:\/\/esperancaenlinia.org\/wp-content\/uploads\/2024\/04\/logo-1.png","contentUrl":"https:\/\/esperancaenlinia.org\/wp-content\/uploads\/2024\/04\/logo-1.png","width":662,"height":200,"caption":"Fundaci\u00f3n Ajuda i Esperan\u00e7a"},"image":{"@id":"https:\/\/esperancaenlinia.org\/#\/schema\/logo\/image\/"}}]}},"_links":{"self":[{"href":"https:\/\/esperancaenlinia.org\/en\/wp-json\/wp\/v2\/pages\/1009","targetHints":{"allow":["GET"]}}],"collection":[{"href":"https:\/\/esperancaenlinia.org\/en\/wp-json\/wp\/v2\/pages"}],"about":[{"href":"https:\/\/esperancaenlinia.org\/en\/wp-json\/wp\/v2\/types\/page"}],"author":[{"embeddable":true,"href":"https:\/\/esperancaenlinia.org\/en\/wp-json\/wp\/v2\/users\/1"}],"replies":[{"embeddable":true,"href":"https:\/\/esperancaenlinia.org\/en\/wp-json\/wp\/v2\/comments?post=1009"}],"version-history":[{"count":109,"href":"https:\/\/esperancaenlinia.org\/en\/wp-json\/wp\/v2\/pages\/1009\/revisions"}],"predecessor-version":[{"id":7538,"href":"https:\/\/esperancaenlinia.org\/en\/wp-json\/wp\/v2\/pages\/1009\/revisions\/7538"}],"wp:attachment":[{"href":"https:\/\/esperancaenlinia.org\/en\/wp-json\/wp\/v2\/media?parent=1009"}],"curies":[{"name":"wp","href":"https:\/\/api.w.org\/{rel}","templated":true}]}}