{"id":2518,"date":"2025-01-23T13:48:35","date_gmt":"2025-01-23T12:48:35","guid":{"rendered":"https:\/\/esperancaenlinia.org\/?page_id=2518"},"modified":"2026-02-11T10:38:08","modified_gmt":"2026-02-11T09:38:08","slug":"observatori-esperanca-obe","status":"publish","type":"page","link":"https:\/\/esperancaenlinia.org\/en\/observatori-esperanca-obe\/","title":{"rendered":"Observatory of Hope"},"content":{"rendered":"<div data-elementor-type=\"wp-page\" data-elementor-id=\"2518\" class=\"elementor elementor-2518\" data-elementor-post-type=\"page\">\n\t\t\t\t<div class=\"elementor-element elementor-element-c01be77 e-flex e-con-boxed e-con e-parent\" data-id=\"c01be77\" data-element_type=\"container\" data-e-type=\"container\" data-settings=\"{&quot;background_background&quot;:&quot;classic&quot;}\">\n\t\t\t\t\t<div class=\"e-con-inner\">\n\t\t\t\t<div class=\"elementor-element elementor-element-6bbe70e7 elementor-widget elementor-widget-heading\" data-id=\"6bbe70e7\" data-element_type=\"widget\" data-e-type=\"widget\" data-widget_type=\"heading.default\">\n\t\t\t\t<div class=\"elementor-widget-container\">\n\t\t\t\t\t<p class=\"elementor-heading-title elementor-size-default\">Home | Observatory of Hope<\/p>\t\t\t\t<\/div>\n\t\t\t\t<\/div>\n\t\t\t\t<div class=\"elementor-element elementor-element-61cc8b57 elementor-widget__width-inherit elementor-widget elementor-widget-heading\" data-id=\"61cc8b57\" data-element_type=\"widget\" data-e-type=\"widget\" data-widget_type=\"heading.default\">\n\t\t\t\t<div class=\"elementor-widget-container\">\n\t\t\t\t\t<h2 class=\"elementor-heading-title elementor-size-default\">Observatory of Hope<\/h2>\t\t\t\t<\/div>\n\t\t\t\t<\/div>\n\t\t\t\t\t<\/div>\n\t\t\t\t<\/div>\n\t\t<div class=\"elementor-element elementor-element-4232a262 e-flex e-con-boxed e-con e-parent\" data-id=\"4232a262\" data-element_type=\"container\" data-e-type=\"container\">\n\t\t\t\t\t<div class=\"e-con-inner\">\n\t\t<div class=\"elementor-element elementor-element-47841df1 e-con-full e-flex e-con e-child\" data-id=\"47841df1\" data-element_type=\"container\" data-e-type=\"container\">\n\t\t\t\t<div class=\"elementor-element elementor-element-8c0d18b elementor-widget elementor-widget-image\" data-id=\"8c0d18b\" data-element_type=\"widget\" data-e-type=\"widget\" data-widget_type=\"image.default\">\n\t\t\t\t<div class=\"elementor-widget-container\">\n\t\t\t\t\t\t\t\t\t\t\t\t\t\t\t<img fetchpriority=\"high\" decoding=\"async\" width=\"675\" height=\"1200\" src=\"https:\/\/esperancaenlinia.org\/wp-content\/uploads\/2025\/01\/observatori-esperanca-esperanca-linia.jpg\" class=\"attachment-medium_large size-medium_large wp-image-2534\" alt=\"\" srcset=\"https:\/\/esperancaenlinia.org\/wp-content\/uploads\/2025\/01\/observatori-esperanca-esperanca-linia.jpg 675w, https:\/\/esperancaenlinia.org\/wp-content\/uploads\/2025\/01\/observatori-esperanca-esperanca-linia-600x1067.jpg 600w, https:\/\/esperancaenlinia.org\/wp-content\/uploads\/2025\/01\/observatori-esperanca-esperanca-linia-169x300.jpg 169w, https:\/\/esperancaenlinia.org\/wp-content\/uploads\/2025\/01\/observatori-esperanca-esperanca-linia-576x1024.jpg 576w, https:\/\/esperancaenlinia.org\/wp-content\/uploads\/2025\/01\/observatori-esperanca-esperanca-linia-7x12.jpg 7w\" sizes=\"(max-width: 675px) 100vw, 675px\" \/>\t\t\t\t\t\t\t\t\t\t\t\t\t\t\t<\/div>\n\t\t\t\t<\/div>\n\t\t\t\t<\/div>\n\t\t<div class=\"elementor-element elementor-element-63a4e2b6 e-con-full e-flex e-con e-child\" data-id=\"63a4e2b6\" data-element_type=\"container\" data-e-type=\"container\">\n\t\t\t\t<div class=\"elementor-element elementor-element-23553266 elementor-widget__width-inherit elementor-widget elementor-widget-heading\" data-id=\"23553266\" data-element_type=\"widget\" data-e-type=\"widget\" data-widget_type=\"heading.default\">\n\t\t\t\t<div class=\"elementor-widget-container\">\n\t\t\t\t\t<p class=\"elementor-heading-title elementor-size-default\">OBE<\/p>\t\t\t\t<\/div>\n\t\t\t\t<\/div>\n\t\t\t\t<div class=\"elementor-element elementor-element-191d44c0 elementor-widget__width-initial elementor-widget elementor-widget-heading\" data-id=\"191d44c0\" data-element_type=\"widget\" data-e-type=\"widget\" data-widget_type=\"heading.default\">\n\t\t\t\t<div class=\"elementor-widget-container\">\n\t\t\t\t\t<h2 class=\"elementor-heading-title elementor-size-default\">Observatory of Hope<\/h2>\t\t\t\t<\/div>\n\t\t\t\t<\/div>\n\t\t\t\t<div class=\"elementor-element elementor-element-46914d3e elementor-widget__width-initial elementor-widget elementor-widget-heading\" data-id=\"46914d3e\" data-element_type=\"widget\" data-e-type=\"widget\" data-widget_type=\"heading.default\">\n\t\t\t\t<div class=\"elementor-widget-container\">\n\t\t\t\t\t<p class=\"elementor-heading-title elementor-size-default\">The creation of the Observatory of Hope was motivated by the desire to generate devices of<strong>analysis within the foundation that works with the data generated from the provision of our services<\/strong>At the same time, it is a space for reflection and multifactorial analysis that seeks to provide a well-founded description of the environment that surrounds us to respond to the ideas that we question as a society.\n<\/p>\t\t\t\t<\/div>\n\t\t\t\t<\/div>\n\t\t\t\t<div class=\"elementor-element elementor-element-24eb6dc elementor-widget__width-initial elementor-widget elementor-widget-heading\" data-id=\"24eb6dc\" data-element_type=\"widget\" data-e-type=\"widget\" data-widget_type=\"heading.default\">\n\t\t\t\t<div class=\"elementor-widget-container\">\n\t\t\t\t\t<p class=\"elementor-heading-title elementor-size-default\">The observatory has the following general objectives:<\/p>\t\t\t\t<\/div>\n\t\t\t\t<\/div>\n\t\t\t\t<div class=\"elementor-element elementor-element-8c386d2 elementor-widget__width-initial elementor-widget elementor-widget-heading\" data-id=\"8c386d2\" data-element_type=\"widget\" data-e-type=\"widget\" data-widget_type=\"heading.default\">\n\t\t\t\t<div class=\"elementor-widget-container\">\n\t\t\t\t\t<p class=\"elementor-heading-title elementor-size-default\"><strong>Observe<\/strong> with a global vision of the society that surrounds us through the internal mechanisms of the foundation.<\/p>\t\t\t\t<\/div>\n\t\t\t\t<\/div>\n\t\t\t\t<div class=\"elementor-element elementor-element-858a087 elementor-widget__width-initial elementor-widget elementor-widget-heading\" data-id=\"858a087\" data-element_type=\"widget\" data-e-type=\"widget\" data-widget_type=\"heading.default\">\n\t\t\t\t<div class=\"elementor-widget-container\">\n\t\t\t\t\t<p class=\"elementor-heading-title elementor-size-default\"><b>Analyze<\/b> the set of data collected by the Hope Hotline and Suicide Prevention Hotline services of the Ajuda i Esperan\u00e7a Foundation.\n<\/p>\t\t\t\t<\/div>\n\t\t\t\t<\/div>\n\t\t\t\t<div class=\"elementor-element elementor-element-bb2be87 elementor-widget__width-initial elementor-widget elementor-widget-heading\" data-id=\"bb2be87\" data-element_type=\"widget\" data-e-type=\"widget\" data-widget_type=\"heading.default\">\n\t\t\t\t<div class=\"elementor-widget-container\">\n\t\t\t\t\t<p class=\"elementor-heading-title elementor-size-default\"><b>Reflect<\/b> about the reality that surrounds us, current social phenomena and about the practice of active listening (an activity inherent to the services offered by the foundation).\n<\/p>\t\t\t\t<\/div>\n\t\t\t\t<\/div>\n\t\t\t\t<div class=\"elementor-element elementor-element-4600394 elementor-widget__width-initial elementor-widget elementor-widget-heading\" data-id=\"4600394\" data-element_type=\"widget\" data-e-type=\"widget\" data-widget_type=\"heading.default\">\n\t\t\t\t<div class=\"elementor-widget-container\">\n\t\t\t\t\t<p class=\"elementor-heading-title elementor-size-default\"><b>Communicate<\/b> the data we obtain through the appropriate communication channels for each case.\n<\/p>\t\t\t\t<\/div>\n\t\t\t\t<\/div>\n\t\t\t\t<div class=\"elementor-element elementor-element-56c568c elementor-widget__width-initial elementor-widget elementor-widget-heading\" data-id=\"56c568c\" data-element_type=\"widget\" data-e-type=\"widget\" data-widget_type=\"heading.default\">\n\t\t\t\t<div class=\"elementor-widget-container\">\n\t\t\t\t\t<p class=\"elementor-heading-title elementor-size-default\">The publication of data, however, represents a significant contribution to the field of knowledge, to professional work, to the social and institutional world. It constitutes a different way of continuing to contribute, in this case, by disinterestedly offering relevant information about the emotional well-being of Catalan society.<\/p>\t\t\t\t<\/div>\n\t\t\t\t<\/div>\n\t\t\t\t<\/div>\n\t\t\t\t\t<\/div>\n\t\t\t\t<\/div>\n\t\t<div class=\"elementor-element elementor-element-a89db82 e-flex e-con-boxed e-con e-parent\" data-id=\"a89db82\" data-element_type=\"container\" data-e-type=\"container\" data-settings=\"{&quot;background_background&quot;:&quot;classic&quot;}\">\n\t\t\t\t\t<div class=\"e-con-inner\">\n\t\t<div class=\"elementor-element elementor-element-2fcb955 e-grid e-con-boxed e-con e-child\" data-id=\"2fcb955\" data-element_type=\"container\" data-e-type=\"container\">\n\t\t\t\t\t<div class=\"e-con-inner\">\n\t\t\t\t<div class=\"elementor-element elementor-element-9e655d4 elementor-widget elementor-widget-text-editor\" data-id=\"9e655d4\" data-element_type=\"widget\" data-e-type=\"widget\" data-widget_type=\"text-editor.default\">\n\t\t\t\t<div class=\"elementor-widget-container\">\n\t\t\t\t\t\t\t\t\t<h5><br>The Observatory of Hope launched its first edition in 2020. The project has the support of the \u201cla Caixa\u201d Foundation<\/h5>\t\t\t\t\t\t\t\t<\/div>\n\t\t\t\t<\/div>\n\t\t\t\t<div class=\"elementor-element elementor-element-f2e3d77 elementor-widget elementor-widget-image\" data-id=\"f2e3d77\" data-element_type=\"widget\" data-e-type=\"widget\" data-widget_type=\"image.default\">\n\t\t\t\t<div class=\"elementor-widget-container\">\n\t\t\t\t\t\t\t\t\t\t\t\t\t\t\t<img decoding=\"async\" width=\"300\" height=\"73\" src=\"https:\/\/esperancaenlinia.org\/wp-content\/uploads\/2024\/04\/Logo_FLC_H_CAT-300x73.png\" class=\"attachment-medium size-medium wp-image-974\" alt=\"logotipo fundaci\u00f3 la caixa\" srcset=\"https:\/\/esperancaenlinia.org\/wp-content\/uploads\/2024\/04\/Logo_FLC_H_CAT-300x73.png 300w, https:\/\/esperancaenlinia.org\/wp-content\/uploads\/2024\/04\/Logo_FLC_H_CAT-600x146.png 600w, https:\/\/esperancaenlinia.org\/wp-content\/uploads\/2024\/04\/Logo_FLC_H_CAT-1024x249.png 1024w, https:\/\/esperancaenlinia.org\/wp-content\/uploads\/2024\/04\/Logo_FLC_H_CAT-768x187.png 768w, https:\/\/esperancaenlinia.org\/wp-content\/uploads\/2024\/04\/Logo_FLC_H_CAT-1536x374.png 1536w, https:\/\/esperancaenlinia.org\/wp-content\/uploads\/2024\/04\/Logo_FLC_H_CAT-2048x499.png 2048w\" sizes=\"(max-width: 300px) 100vw, 300px\" \/>\t\t\t\t\t\t\t\t\t\t\t\t\t\t\t<\/div>\n\t\t\t\t<\/div>\n\t\t<div class=\"elementor-element elementor-element-560922e e-flex e-con-boxed e-con e-child\" data-id=\"560922e\" data-element_type=\"container\" data-e-type=\"container\">\n\t\t\t\t\t<div class=\"e-con-inner\">\n\t\t\t\t<div class=\"elementor-element elementor-element-49403e6 elementor-tabs-view-vertical elementor-widget elementor-widget-tabs\" data-id=\"49403e6\" data-element_type=\"widget\" data-e-type=\"widget\" data-widget_type=\"tabs.default\">\n\t\t\t\t<div class=\"elementor-widget-container\">\n\t\t\t\t\t\t\t<div class=\"elementor-tabs\">\n\t\t\t<div class=\"elementor-tabs-wrapper\" role=\"tablist\" >\n\t\t\t\t\t\t\t\t\t<div id=\"elementor-tab-title-7681\" class=\"elementor-tab-title elementor-tab-desktop-title\" aria-selected=\"true\" data-tab=\"1\" role=\"tab\" tabindex=\"0\" aria-controls=\"elementor-tab-content-7681\" aria-expanded=\"false\">Observatory of Hope 2024<\/div>\n\t\t\t\t\t\t\t\t\t<div id=\"elementor-tab-title-7682\" class=\"elementor-tab-title elementor-tab-desktop-title\" aria-selected=\"false\" data-tab=\"2\" role=\"tab\" tabindex=\"-1\" aria-controls=\"elementor-tab-content-7682\" aria-expanded=\"false\">Observatory of Hope 2023<\/div>\n\t\t\t\t\t\t\t\t\t<div id=\"elementor-tab-title-7683\" class=\"elementor-tab-title elementor-tab-desktop-title\" aria-selected=\"false\" data-tab=\"3\" role=\"tab\" tabindex=\"-1\" aria-controls=\"elementor-tab-content-7683\" aria-expanded=\"false\">Observatory of Hope 2022<\/div>\n\t\t\t\t\t\t\t\t\t<div id=\"elementor-tab-title-7684\" class=\"elementor-tab-title elementor-tab-desktop-title\" aria-selected=\"false\" data-tab=\"4\" role=\"tab\" tabindex=\"-1\" aria-controls=\"elementor-tab-content-7684\" aria-expanded=\"false\">Observatory of Hope 2021<\/div>\n\t\t\t\t\t\t\t\t\t<div id=\"elementor-tab-title-7685\" class=\"elementor-tab-title elementor-tab-desktop-title\" aria-selected=\"false\" data-tab=\"5\" role=\"tab\" tabindex=\"-1\" aria-controls=\"elementor-tab-content-7685\" aria-expanded=\"false\">Observatory of Hope 2020<\/div>\n\t\t\t\t\t\t\t<\/div>\n\t\t\t<div class=\"elementor-tabs-content-wrapper\" role=\"tablist\" aria-orientation=\"vertical\">\n\t\t\t\t\t\t\t\t\t<div class=\"elementor-tab-title elementor-tab-mobile-title\" aria-selected=\"true\" data-tab=\"1\" role=\"tab\" tabindex=\"0\" aria-controls=\"elementor-tab-content-7681\" aria-expanded=\"false\">Observatory of Hope 2024<\/div>\n\t\t\t\t\t<div id=\"elementor-tab-content-7681\" class=\"elementor-tab-content elementor-clearfix\" data-tab=\"1\" role=\"tabpanel\" aria-labelledby=\"elementor-tab-title-7681\" tabindex=\"0\" hidden=\"false\"><p><a href=\"https:\/\/esperancaenlinia.org\/wp-content\/uploads\/2025\/11\/OBE2024_comprimida.pdf\" class=\"pdfemb-viewer\" style=\"\" data-width=\"max\" data-height=\"max\" data-toolbar=\"bottom\" data-toolbar-fixed=\"off\">OBE2024_compressed<\/a><\/p><\/div>\n\t\t\t\t\t\t\t\t\t<div class=\"elementor-tab-title elementor-tab-mobile-title\" aria-selected=\"false\" data-tab=\"2\" role=\"tab\" tabindex=\"-1\" aria-controls=\"elementor-tab-content-7682\" aria-expanded=\"false\">Observatory of Hope 2023<\/div>\n\t\t\t\t\t<div id=\"elementor-tab-content-7682\" class=\"elementor-tab-content elementor-clearfix\" data-tab=\"2\" role=\"tabpanel\" aria-labelledby=\"elementor-tab-title-7682\" tabindex=\"0\" hidden=\"hidden\"><p><a href=\"https:\/\/esperancaenlinia.org\/wp-content\/uploads\/2025\/11\/OBE2024_comprimida.pdf\"><a href=\"https:\/\/esperancaenlinia.org\/wp-content\/uploads\/2025\/01\/OBE2023.pdf\" class=\"pdfemb-viewer\" style=\"\" data-width=\"max\" data-height=\"max\" data-toolbar=\"bottom\" data-toolbar-fixed=\"off\">OBE2023<\/a><\/a><\/p><\/div>\n\t\t\t\t\t\t\t\t\t<div class=\"elementor-tab-title elementor-tab-mobile-title\" aria-selected=\"false\" data-tab=\"3\" role=\"tab\" tabindex=\"-1\" aria-controls=\"elementor-tab-content-7683\" aria-expanded=\"false\">Observatory of Hope 2022<\/div>\n\t\t\t\t\t<div id=\"elementor-tab-content-7683\" class=\"elementor-tab-content elementor-clearfix\" data-tab=\"3\" role=\"tabpanel\" aria-labelledby=\"elementor-tab-title-7683\" tabindex=\"0\" hidden=\"hidden\"><p><a href=\"https:\/\/esperancaenlinia.org\/wp-content\/uploads\/2025\/01\/OBE-2022-CAT-comprimido_1.pdf\" class=\"pdfemb-viewer\" style=\"\" data-width=\"max\" data-height=\"max\" data-toolbar=\"bottom\" data-toolbar-fixed=\"off\">OBE 2022 CAT-compressed_1<\/a><\/p><\/div>\n\t\t\t\t\t\t\t\t\t<div class=\"elementor-tab-title elementor-tab-mobile-title\" aria-selected=\"false\" data-tab=\"4\" role=\"tab\" tabindex=\"-1\" aria-controls=\"elementor-tab-content-7684\" aria-expanded=\"false\">Observatory of Hope 2021<\/div>\n\t\t\t\t\t<div id=\"elementor-tab-content-7684\" class=\"elementor-tab-content elementor-clearfix\" data-tab=\"4\" role=\"tabpanel\" aria-labelledby=\"elementor-tab-title-7684\" tabindex=\"0\" hidden=\"hidden\"><p><a href=\"https:\/\/esperancaenlinia.org\/wp-content\/uploads\/2025\/01\/OBE2021-comprimido.pdf\" class=\"pdfemb-viewer\" style=\"\" data-width=\"max\" data-height=\"max\" data-toolbar=\"bottom\" data-toolbar-fixed=\"off\">Observatory of Hope 2021<\/a><\/p><\/div>\n\t\t\t\t\t\t\t\t\t<div class=\"elementor-tab-title elementor-tab-mobile-title\" aria-selected=\"false\" data-tab=\"5\" role=\"tab\" tabindex=\"-1\" aria-controls=\"elementor-tab-content-7685\" aria-expanded=\"false\">Observatory of Hope 2020<\/div>\n\t\t\t\t\t<div id=\"elementor-tab-content-7685\" class=\"elementor-tab-content elementor-clearfix\" data-tab=\"5\" role=\"tabpanel\" aria-labelledby=\"elementor-tab-title-7685\" tabindex=\"0\" hidden=\"hidden\"><p><a href=\"https:\/\/esperancaenlinia.org\/wp-content\/uploads\/2025\/01\/OBE-2020-CAT.pdf\" class=\"pdfemb-viewer\" style=\"\" data-width=\"max\" data-height=\"max\" data-toolbar=\"bottom\" data-toolbar-fixed=\"off\">OBE-2020-CAT<\/a><\/p><\/div>\n\t\t\t\t\t\t\t<\/div>\n\t\t<\/div>\n\t\t\t\t\t\t<\/div>\n\t\t\t\t<\/div>\n\t\t\t\t\t<\/div>\n\t\t\t\t<\/div>\n\t\t\t\t\t<\/div>\n\t\t\t\t<\/div>\n\t\t\t\t\t<\/div>\n\t\t\t\t<\/div>\n\t\t\t\t<\/div>","protected":false},"excerpt":{"rendered":"<p>Inici | Observatori de l&#8217;Esperan\u00e7a Observatori de l&#8217;Esperan\u00e7a OBE Observatori de l&#8217;Esperan\u00e7a La creaci\u00f3 de l\u2019Observatori de l\u2019Esperan\u00e7a va estar motivada per la voluntat de generar dispositius d\u2019an\u00e0lisi dins la fundaci\u00f3 que treballin les dades que es generen de la prestaci\u00f3 dels nostres serveis. Al mateix temps \u00e9s un espai de reflexi\u00f3 i an\u00e0lisi multifactorial&hellip;&nbsp;<a href=\"https:\/\/esperancaenlinia.org\/en\/observatori-esperanca-obe\/\" rel=\"bookmark\"><span class=\"screen-reader-text\">Observatory of Hope<\/span><\/a><\/p>","protected":false},"author":3,"featured_media":0,"parent":0,"menu_order":0,"comment_status":"closed","ping_status":"closed","template":"elementor_header_footer","meta":{"neve_meta_sidebar":"","neve_meta_container":"","neve_meta_enable_content_width":"off","neve_meta_content_width":100,"neve_meta_title_alignment":"","neve_meta_author_avatar":"","neve_post_elements_order":"","neve_meta_disable_header":"","neve_meta_disable_footer":"","neve_meta_disable_title":"","footnotes":""},"class_list":["post-2518","page","type-page","status-publish","hentry"],"yoast_head":"<!-- This site is optimized with the Yoast SEO plugin v27.1.1 - https:\/\/yoast.com\/product\/yoast-seo-wordpress\/ -->\n<title>Observatori de l&#039;Esperan\u00e7a - Fundaci\u00f3n Ajuda i Esperan\u00e7a<\/title>\n<meta name=\"robots\" content=\"index, follow, max-snippet:-1, max-image-preview:large, max-video-preview:-1\" \/>\n<link rel=\"canonical\" href=\"https:\/\/esperancaenlinia.org\/en\/observatori-esperanca-obe\/\" \/>\n<meta property=\"og:locale\" content=\"en_GB\" \/>\n<meta property=\"og:type\" content=\"article\" \/>\n<meta property=\"og:title\" content=\"Observatori de l&#039;Esperan\u00e7a - Fundaci\u00f3n Ajuda i Esperan\u00e7a\" \/>\n<meta property=\"og:description\" content=\"Inici | Observatori de l&#8217;Esperan\u00e7a Observatori de l&#8217;Esperan\u00e7a OBE Observatori de l&#8217;Esperan\u00e7a La creaci\u00f3 de l\u2019Observatori de l\u2019Esperan\u00e7a va estar motivada per la voluntat de generar dispositius d\u2019an\u00e0lisi dins la fundaci\u00f3 que treballin les dades que es generen de la prestaci\u00f3 dels nostres serveis. Al mateix temps \u00e9s un espai de reflexi\u00f3 i an\u00e0lisi multifactorial&hellip;&nbsp;Observatori de l&#8217;Esperan\u00e7a\" \/>\n<meta property=\"og:url\" content=\"https:\/\/esperancaenlinia.org\/en\/observatori-esperanca-obe\/\" \/>\n<meta property=\"og:site_name\" content=\"Fundaci\u00f3n Ajuda i Esperan\u00e7a\" \/>\n<meta property=\"article:modified_time\" content=\"2026-02-11T09:38:08+00:00\" \/>\n<meta property=\"og:image\" content=\"https:\/\/esperancaenlinia.org\/wp-content\/uploads\/2025\/01\/observatori-esperanca-esperanca-linia.jpg\" \/>\n\t<meta property=\"og:image:width\" content=\"675\" \/>\n\t<meta property=\"og:image:height\" content=\"1200\" \/>\n\t<meta property=\"og:image:type\" content=\"image\/jpeg\" \/>\n<meta name=\"twitter:card\" content=\"summary_large_image\" \/>\n<meta name=\"twitter:label1\" content=\"Estimated reading time\" \/>\n\t<meta name=\"twitter:data1\" content=\"2 minutes\" \/>\n<script type=\"application\/ld+json\" class=\"yoast-schema-graph\">{\"@context\":\"https:\/\/schema.org\",\"@graph\":[{\"@type\":\"WebPage\",\"@id\":\"https:\/\/esperancaenlinia.org\/observatori-esperanca-obe\/\",\"url\":\"https:\/\/esperancaenlinia.org\/observatori-esperanca-obe\/\",\"name\":\"Observatori de l'Esperan\u00e7a - Fundaci\u00f3n Ajuda i Esperan\u00e7a\",\"isPartOf\":{\"@id\":\"https:\/\/esperancaenlinia.org\/#website\"},\"primaryImageOfPage\":{\"@id\":\"https:\/\/esperancaenlinia.org\/observatori-esperanca-obe\/#primaryimage\"},\"image\":{\"@id\":\"https:\/\/esperancaenlinia.org\/observatori-esperanca-obe\/#primaryimage\"},\"thumbnailUrl\":\"https:\/\/esperancaenlinia.org\/wp-content\/uploads\/2025\/01\/observatori-esperanca-esperanca-linia.jpg\",\"datePublished\":\"2025-01-23T12:48:35+00:00\",\"dateModified\":\"2026-02-11T09:38:08+00:00\",\"breadcrumb\":{\"@id\":\"https:\/\/esperancaenlinia.org\/observatori-esperanca-obe\/#breadcrumb\"},\"inLanguage\":\"en-GB\",\"potentialAction\":[{\"@type\":\"ReadAction\",\"target\":[\"https:\/\/esperancaenlinia.org\/observatori-esperanca-obe\/\"]}]},{\"@type\":\"ImageObject\",\"inLanguage\":\"en-GB\",\"@id\":\"https:\/\/esperancaenlinia.org\/observatori-esperanca-obe\/#primaryimage\",\"url\":\"https:\/\/esperancaenlinia.org\/wp-content\/uploads\/2025\/01\/observatori-esperanca-esperanca-linia.jpg\",\"contentUrl\":\"https:\/\/esperancaenlinia.org\/wp-content\/uploads\/2025\/01\/observatori-esperanca-esperanca-linia.jpg\"},{\"@type\":\"BreadcrumbList\",\"@id\":\"https:\/\/esperancaenlinia.org\/observatori-esperanca-obe\/#breadcrumb\",\"itemListElement\":[{\"@type\":\"ListItem\",\"position\":1,\"name\":\"Portada\",\"item\":\"https:\/\/esperancaenlinia.org\/\"},{\"@type\":\"ListItem\",\"position\":2,\"name\":\"Observatori de l&#8217;Esperan\u00e7a\"}]},{\"@type\":\"WebSite\",\"@id\":\"https:\/\/esperancaenlinia.org\/#website\",\"url\":\"https:\/\/esperancaenlinia.org\/\",\"name\":\"Fundaci\u00f3n Ajuda i Esperan\u00e7a\",\"description\":\"\",\"publisher\":{\"@id\":\"https:\/\/esperancaenlinia.org\/#organization\"},\"potentialAction\":[{\"@type\":\"SearchAction\",\"target\":{\"@type\":\"EntryPoint\",\"urlTemplate\":\"https:\/\/esperancaenlinia.org\/?s={search_term_string}\"},\"query-input\":{\"@type\":\"PropertyValueSpecification\",\"valueRequired\":true,\"valueName\":\"search_term_string\"}}],\"inLanguage\":\"en-GB\"},{\"@type\":\"Organization\",\"@id\":\"https:\/\/esperancaenlinia.org\/#organization\",\"name\":\"Fundaci\u00f3n Ajuda i Esperan\u00e7a\",\"url\":\"https:\/\/esperancaenlinia.org\/\",\"logo\":{\"@type\":\"ImageObject\",\"inLanguage\":\"en-GB\",\"@id\":\"https:\/\/esperancaenlinia.org\/#\/schema\/logo\/image\/\",\"url\":\"https:\/\/esperancaenlinia.org\/wp-content\/uploads\/2024\/04\/logo-1.png\",\"contentUrl\":\"https:\/\/esperancaenlinia.org\/wp-content\/uploads\/2024\/04\/logo-1.png\",\"width\":662,\"height\":200,\"caption\":\"Fundaci\u00f3n Ajuda i Esperan\u00e7a\"},\"image\":{\"@id\":\"https:\/\/esperancaenlinia.org\/#\/schema\/logo\/image\/\"}}]}<\/script>\n<!-- \/ Yoast SEO plugin. -->","yoast_head_json":{"title":"Esperan\u00e7a Observatory - Fundaci\u00f3n Ajuda i Esperan\u00e7a","robots":{"index":"index","follow":"follow","max-snippet":"max-snippet:-1","max-image-preview":"max-image-preview:large","max-video-preview":"max-video-preview:-1"},"canonical":"https:\/\/esperancaenlinia.org\/en\/observatori-esperanca-obe\/","og_locale":"en_GB","og_type":"article","og_title":"Observatori de l'Esperan\u00e7a - Fundaci\u00f3n Ajuda i Esperan\u00e7a","og_description":"Inici | Observatori de l&#8217;Esperan\u00e7a Observatori de l&#8217;Esperan\u00e7a OBE Observatori de l&#8217;Esperan\u00e7a La creaci\u00f3 de l\u2019Observatori de l\u2019Esperan\u00e7a va estar motivada per la voluntat de generar dispositius d\u2019an\u00e0lisi dins la fundaci\u00f3 que treballin les dades que es generen de la prestaci\u00f3 dels nostres serveis. Al mateix temps \u00e9s un espai de reflexi\u00f3 i an\u00e0lisi multifactorial&hellip;&nbsp;Observatori de l&#8217;Esperan\u00e7a","og_url":"https:\/\/esperancaenlinia.org\/en\/observatori-esperanca-obe\/","og_site_name":"Fundaci\u00f3n Ajuda i Esperan\u00e7a","article_modified_time":"2026-02-11T09:38:08+00:00","og_image":[{"width":675,"height":1200,"url":"https:\/\/esperancaenlinia.org\/wp-content\/uploads\/2025\/01\/observatori-esperanca-esperanca-linia.jpg","type":"image\/jpeg"}],"twitter_card":"summary_large_image","twitter_misc":{"Estimated reading time":"2 minutes"},"schema":{"@context":"https:\/\/schema.org","@graph":[{"@type":"WebPage","@id":"https:\/\/esperancaenlinia.org\/observatori-esperanca-obe\/","url":"https:\/\/esperancaenlinia.org\/observatori-esperanca-obe\/","name":"Esperan\u00e7a Observatory - Fundaci\u00f3n Ajuda i Esperan\u00e7a","isPartOf":{"@id":"https:\/\/esperancaenlinia.org\/#website"},"primaryImageOfPage":{"@id":"https:\/\/esperancaenlinia.org\/observatori-esperanca-obe\/#primaryimage"},"image":{"@id":"https:\/\/esperancaenlinia.org\/observatori-esperanca-obe\/#primaryimage"},"thumbnailUrl":"https:\/\/esperancaenlinia.org\/wp-content\/uploads\/2025\/01\/observatori-esperanca-esperanca-linia.jpg","datePublished":"2025-01-23T12:48:35+00:00","dateModified":"2026-02-11T09:38:08+00:00","breadcrumb":{"@id":"https:\/\/esperancaenlinia.org\/observatori-esperanca-obe\/#breadcrumb"},"inLanguage":"en-GB","potentialAction":[{"@type":"ReadAction","target":["https:\/\/esperancaenlinia.org\/observatori-esperanca-obe\/"]}]},{"@type":"ImageObject","inLanguage":"en-GB","@id":"https:\/\/esperancaenlinia.org\/observatori-esperanca-obe\/#primaryimage","url":"https:\/\/esperancaenlinia.org\/wp-content\/uploads\/2025\/01\/observatori-esperanca-esperanca-linia.jpg","contentUrl":"https:\/\/esperancaenlinia.org\/wp-content\/uploads\/2025\/01\/observatori-esperanca-esperanca-linia.jpg"},{"@type":"BreadcrumbList","@id":"https:\/\/esperancaenlinia.org\/observatori-esperanca-obe\/#breadcrumb","itemListElement":[{"@type":"ListItem","position":1,"name":"Portada","item":"https:\/\/esperancaenlinia.org\/"},{"@type":"ListItem","position":2,"name":"Observatori de l&#8217;Esperan\u00e7a"}]},{"@type":"WebSite","@id":"https:\/\/esperancaenlinia.org\/#website","url":"https:\/\/esperancaenlinia.org\/","name":"Fundaci\u00f3n Ajuda i Esperan\u00e7a","description":"","publisher":{"@id":"https:\/\/esperancaenlinia.org\/#organization"},"potentialAction":[{"@type":"SearchAction","target":{"@type":"EntryPoint","urlTemplate":"https:\/\/esperancaenlinia.org\/?s={search_term_string}"},"query-input":{"@type":"PropertyValueSpecification","valueRequired":true,"valueName":"search_term_string"}}],"inLanguage":"en-GB"},{"@type":"Organization","@id":"https:\/\/esperancaenlinia.org\/#organization","name":"Fundaci\u00f3n Ajuda i Esperan\u00e7a","url":"https:\/\/esperancaenlinia.org\/","logo":{"@type":"ImageObject","inLanguage":"en-GB","@id":"https:\/\/esperancaenlinia.org\/#\/schema\/logo\/image\/","url":"https:\/\/esperancaenlinia.org\/wp-content\/uploads\/2024\/04\/logo-1.png","contentUrl":"https:\/\/esperancaenlinia.org\/wp-content\/uploads\/2024\/04\/logo-1.png","width":662,"height":200,"caption":"Fundaci\u00f3n Ajuda i Esperan\u00e7a"},"image":{"@id":"https:\/\/esperancaenlinia.org\/#\/schema\/logo\/image\/"}}]}},"_links":{"self":[{"href":"https:\/\/esperancaenlinia.org\/en\/wp-json\/wp\/v2\/pages\/2518","targetHints":{"allow":["GET"]}}],"collection":[{"href":"https:\/\/esperancaenlinia.org\/en\/wp-json\/wp\/v2\/pages"}],"about":[{"href":"https:\/\/esperancaenlinia.org\/en\/wp-json\/wp\/v2\/types\/page"}],"author":[{"embeddable":true,"href":"https:\/\/esperancaenlinia.org\/en\/wp-json\/wp\/v2\/users\/3"}],"replies":[{"embeddable":true,"href":"https:\/\/esperancaenlinia.org\/en\/wp-json\/wp\/v2\/comments?post=2518"}],"version-history":[{"count":85,"href":"https:\/\/esperancaenlinia.org\/en\/wp-json\/wp\/v2\/pages\/2518\/revisions"}],"predecessor-version":[{"id":7477,"href":"https:\/\/esperancaenlinia.org\/en\/wp-json\/wp\/v2\/pages\/2518\/revisions\/7477"}],"wp:attachment":[{"href":"https:\/\/esperancaenlinia.org\/en\/wp-json\/wp\/v2\/media?parent=2518"}],"curies":[{"name":"wp","href":"https:\/\/api.w.org\/{rel}","templated":true}]}}