{"id":5368,"date":"2025-06-17T10:37:53","date_gmt":"2025-06-17T08:37:53","guid":{"rendered":"https:\/\/esperancaenlinia.org\/?page_id=5368"},"modified":"2025-11-20T10:44:57","modified_gmt":"2025-11-20T09:44:57","slug":"politica-de-privacitat-donacions","status":"publish","type":"page","link":"https:\/\/esperancaenlinia.org\/en\/politica-de-privacitat-donacions\/","title":{"rendered":"PRIVACY POLICY DONATIONS"},"content":{"rendered":"<div data-elementor-type=\"wp-page\" data-elementor-id=\"5368\" class=\"elementor elementor-5368\" data-elementor-post-type=\"page\">\n\t\t\t\t<div class=\"elementor-element elementor-element-42b9f977 animated-slow e-con-full e-flex elementor-invisible e-con e-parent\" data-id=\"42b9f977\" data-element_type=\"container\" data-e-type=\"container\" data-settings=\"{&quot;background_background&quot;:&quot;classic&quot;,&quot;animation&quot;:&quot;fadeIn&quot;}\">\n\t\t\t\t<div class=\"elementor-element elementor-element-727b9d2 elementor-icon-list--layout-inline elementor-list-item-link-full_width elementor-widget elementor-widget-icon-list\" data-id=\"727b9d2\" data-element_type=\"widget\" data-e-type=\"widget\" data-widget_type=\"icon-list.default\">\n\t\t\t\t<div class=\"elementor-widget-container\">\n\t\t\t\t\t\t\t<ul class=\"elementor-icon-list-items elementor-inline-items\">\n\t\t\t\t\t\t\t<li class=\"elementor-icon-list-item elementor-inline-item\">\n\t\t\t\t\t\t\t\t\t\t\t<a href=\"https:\/\/esperancaenlinia.org\/en\/\">\n\n\t\t\t\t\t\t\t\t\t\t\t<span class=\"elementor-icon-list-text\">Home<\/span>\n\t\t\t\t\t\t\t\t\t\t\t<\/a>\n\t\t\t\t\t\t\t\t\t<\/li>\n\t\t\t\t\t\t\t\t<li class=\"elementor-icon-list-item elementor-inline-item\">\n\t\t\t\t\t\t\t\t\t\t<span class=\"elementor-icon-list-text\"><\/span>\n\t\t\t\t\t\t\t\t\t<\/li>\n\t\t\t\t\t\t<\/ul>\n\t\t\t\t\t\t<\/div>\n\t\t\t\t<\/div>\n\t\t\t\t<\/div>\n\t\t<div class=\"elementor-element elementor-element-196f4460 e-flex e-con-boxed e-con e-parent\" data-id=\"196f4460\" data-element_type=\"container\" data-e-type=\"container\" data-settings=\"{&quot;background_background&quot;:&quot;classic&quot;}\">\n\t\t\t\t\t<div class=\"e-con-inner\">\n\t\t\t\t<div class=\"elementor-element elementor-element-4694ef6d elementor-widget__width-initial elementor-widget elementor-widget-text-editor\" data-id=\"4694ef6d\" data-element_type=\"widget\" data-e-type=\"widget\" data-widget_type=\"text-editor.default\">\n\t\t\t\t<div class=\"elementor-widget-container\">\n\t\t\t\t\t\t\t\t\t<p><span style=\"font-weight: 400;\">Esperan\u00e7a en L\u00ednea offers\u00a0<\/span><b>emotional care and support<\/b><span style=\"font-weight: 400;\">\u00a0in a framework of total anonymity and\u00a0<\/span><b>confidentiality<\/b><span style=\"font-weight: 400;\">\u00a0with the aim of improving the quality of life and emotional well-being of people who experience situations of loneliness, lack of communication or that generate suffering, thus contributing to<\/span><b>\u00a0create a more supportive, welcoming and resilient society<\/b><span style=\"font-weight: 400;\">.\u00a0<\/span><\/p><p><span style=\"font-weight: 400;\">The\u00a0<\/span><b>Help and Hope Foundation<\/b><span style=\"font-weight: 400;\">\u00a0i <\/span><b>Hope online<\/b><span style=\"font-weight: 400;\">\u00a0informs website users about its policy regarding the processing and protection of personal data of users and customers that may be obtained by browsing or contracting services through its website, as well as the personal data available to it.\u00a0<\/span><b>Help and Hope Foundation<\/b><span style=\"font-weight: 400;\">\u00a0i <\/span><b>Hope online<\/b><span style=\"font-weight: 400;\">\u00a0, obtained by any other means or reason.<\/span><\/p><p><span style=\"font-weight: 400;\">In this sense, the\u00a0<\/span><b>Help and Hope Foundation<\/b><span style=\"font-weight: 400;\">\u00a0i <\/span><b>Hope online<\/b><span style=\"font-weight: 400;\">\u00a0 guarantee compliance with current regulations on the protection of personal data, reflected in the\u00a0<\/span><b>General Data Protection Regulation (EU) 2016\/679<\/b><span style=\"font-weight: 400;\">\u00a0and the\u00a0<\/span><b>Organic Law 3\/2018<\/b><span style=\"font-weight: 400;\">, of December 5, on the Protection of Personal Data.<\/span><\/p>\t\t\t\t\t\t\t\t<\/div>\n\t\t\t\t<\/div>\n\t\t<div class=\"elementor-element elementor-element-2305d12f e-con-full e-flex e-con e-child\" data-id=\"2305d12f\" data-element_type=\"container\" data-e-type=\"container\">\n\t\t\t\t<div class=\"elementor-element elementor-element-55bb1010 elementor-widget elementor-widget-heading\" data-id=\"55bb1010\" data-element_type=\"widget\" data-e-type=\"widget\" data-widget_type=\"heading.default\">\n\t\t\t\t<div class=\"elementor-widget-container\">\n\t\t\t\t\t<h2 class=\"elementor-heading-title elementor-size-default\">RESPONSIBLE FOR THE TREATMENT\n<\/h2>\t\t\t\t<\/div>\n\t\t\t\t<\/div>\n\t\t\t\t<div class=\"elementor-element elementor-element-c2f14bc elementor-widget elementor-widget-text-editor\" data-id=\"c2f14bc\" data-element_type=\"widget\" data-e-type=\"widget\" data-widget_type=\"text-editor.default\">\n\t\t\t\t<div class=\"elementor-widget-container\">\n\t\t\t\t\t\t\t\t\t<p>Responsible for the processing: FUNDACI\u00d3 AJUDA I ESPERANZA<br \/>VAT number: R-5800402-I<br \/>Address: C\/ Girona, 34 08010-Barcelona <br \/>Email: lopd@telefonesperanza.com<br \/>Contact details of the Data Protection Officer: <br \/>anne.garcia@telefonoesperanza.com<\/p>\t\t\t\t\t\t\t\t<\/div>\n\t\t\t\t<\/div>\n\t\t\t\t<\/div>\n\t\t<div class=\"elementor-element elementor-element-23c25fd9 e-con-full e-flex e-con e-child\" data-id=\"23c25fd9\" data-element_type=\"container\" data-e-type=\"container\">\n\t\t\t\t<div class=\"elementor-element elementor-element-5096d1b3 elementor-widget elementor-widget-heading\" data-id=\"5096d1b3\" data-element_type=\"widget\" data-e-type=\"widget\" data-widget_type=\"heading.default\">\n\t\t\t\t<div class=\"elementor-widget-container\">\n\t\t\t\t\t<h2 class=\"elementor-heading-title elementor-size-default\">PURPOSES OF DATA PROCESSING\n<\/h2>\t\t\t\t<\/div>\n\t\t\t\t<\/div>\n\t\t\t\t<div class=\"elementor-element elementor-element-f142bd9 elementor-widget elementor-widget-text-editor\" data-id=\"f142bd9\" data-element_type=\"widget\" data-e-type=\"widget\" data-widget_type=\"text-editor.default\">\n\t\t\t\t<div class=\"elementor-widget-container\">\n\t\t\t\t\t\t\t\t\t<ul><li>Manage donations made through the website.<\/li><li>Comply with legal, accounting and tax obligations arising from donations.<\/li><li>Send communications related to the donation (confirmation, thanks, etc.).<\/li><li>Send, if applicable and with consent, information about future campaigns or similar activities.<\/li><\/ul>\t\t\t\t\t\t\t\t<\/div>\n\t\t\t\t<\/div>\n\t\t\t\t<\/div>\n\t\t<div class=\"elementor-element elementor-element-378886f3 e-con-full e-flex e-con e-child\" data-id=\"378886f3\" data-element_type=\"container\" data-e-type=\"container\">\n\t\t\t\t<div class=\"elementor-element elementor-element-30be1669 elementor-widget elementor-widget-heading\" data-id=\"30be1669\" data-element_type=\"widget\" data-e-type=\"widget\" data-widget_type=\"heading.default\">\n\t\t\t\t<div class=\"elementor-widget-container\">\n\t\t\t\t\t<h2 class=\"elementor-heading-title elementor-size-default\">LEGITIMATION FOR DATA PROCESSING \n<\/h2>\t\t\t\t<\/div>\n\t\t\t\t<\/div>\n\t\t\t\t<div class=\"elementor-element elementor-element-16d49664 elementor-widget elementor-widget-text-editor\" data-id=\"16d49664\" data-element_type=\"widget\" data-e-type=\"widget\" data-widget_type=\"text-editor.default\">\n\t\t\t\t<div class=\"elementor-widget-container\">\n\t\t\t\t\t\t\t\t\t<p>The legal basis that allows us to process personal data for the indicated purposes is: <br \/>1- Consent <br \/>2- Execution of a contractual relationship or pre-contractual measures. contract (voluntary donation between the donor and the entity).<br \/>3- Legitimate interest <br \/>4- Legal obligation <\/p>\t\t\t\t\t\t\t\t<\/div>\n\t\t\t\t<\/div>\n\t\t\t\t<\/div>\n\t\t<div class=\"elementor-element elementor-element-523a5427 e-con-full e-flex e-con e-child\" data-id=\"523a5427\" data-element_type=\"container\" data-e-type=\"container\">\n\t\t\t\t<div class=\"elementor-element elementor-element-3027d271 elementor-widget elementor-widget-heading\" data-id=\"3027d271\" data-element_type=\"widget\" data-e-type=\"widget\" data-widget_type=\"heading.default\">\n\t\t\t\t<div class=\"elementor-widget-container\">\n\t\t\t\t\t<h2 class=\"elementor-heading-title elementor-size-default\">CONSERVATION OF PROCESSED DATA <\/h2>\t\t\t\t<\/div>\n\t\t\t\t<\/div>\n\t\t\t\t<div class=\"elementor-element elementor-element-11b02af9 elementor-widget elementor-widget-text-editor\" data-id=\"11b02af9\" data-element_type=\"widget\" data-e-type=\"widget\" data-widget_type=\"text-editor.default\">\n\t\t\t\t<div class=\"elementor-widget-container\">\n\t\t\t\t\t\t\t\t\t<p>For all the purposes described, the period in which the data will be kept will be a minimum of twelve months under the protection of Law 25\/2007, of October 18, on the conservation of data relating to electronic communications and public communications networks; and during the period provided for by the regulations in force at any given time to deal with the exercise and defense of claims.<\/p>\t\t\t\t\t\t\t\t<\/div>\n\t\t\t\t<\/div>\n\t\t\t\t<\/div>\n\t\t<div class=\"elementor-element elementor-element-3cf120a4 e-con-full e-flex e-con e-child\" data-id=\"3cf120a4\" data-element_type=\"container\" data-e-type=\"container\">\n\t\t\t\t<div class=\"elementor-element elementor-element-51f09fc8 elementor-widget elementor-widget-heading\" data-id=\"51f09fc8\" data-element_type=\"widget\" data-e-type=\"widget\" data-widget_type=\"heading.default\">\n\t\t\t\t<div class=\"elementor-widget-container\">\n\t\t\t\t\t<h2 class=\"elementor-heading-title elementor-size-default\">RECIPIENTS OF THE INFORMATION\n<\/h2>\t\t\t\t<\/div>\n\t\t\t\t<\/div>\n\t\t\t\t<div class=\"elementor-element elementor-element-64e59667 elementor-widget elementor-widget-text-editor\" data-id=\"64e59667\" data-element_type=\"widget\" data-e-type=\"widget\" data-widget_type=\"text-editor.default\">\n\t\t\t\t<div class=\"elementor-widget-container\">\n\t\t\t\t\t\t\t\t\t<p>Personal data may be communicated to the following recipients, always with the corresponding legal basis and with the appropriate guarantees:<\/p><ul><li>The main data recipient is the Ajuda i Esperan\u00e7a Foundation, which undertakes not to sell, rent or transfer your personal data.<\/li><li>Public administrations and official bodies, when required by applicable regulations (Treasury, Registry of Foundations, etc.).<\/li><li>Financial entities, for the management of collections related to donations.<\/li><li>Tax and accounting advisors, for the fulfillment of the entity&#039;s legal obligations.<\/li><li>Providers of technological services (such as payment platforms, hosting, or mailing services), always under a data processing contract and with limited access to the information necessary for the provision of the service.<\/li><\/ul><p>The data will not be communicated to third parties for commercial purposes and no international transfers of data will be made outside the European Economic Area, except for legal obligation or express consent of the interested party.<\/p>\t\t\t\t\t\t\t\t<\/div>\n\t\t\t\t<\/div>\n\t\t\t\t<\/div>\n\t\t<div class=\"elementor-element elementor-element-4fc94789 e-con-full e-flex e-con e-child\" data-id=\"4fc94789\" data-element_type=\"container\" data-e-type=\"container\">\n\t\t\t\t<div class=\"elementor-element elementor-element-1cab52bd elementor-widget elementor-widget-heading\" data-id=\"1cab52bd\" data-element_type=\"widget\" data-e-type=\"widget\" data-widget_type=\"heading.default\">\n\t\t\t\t<div class=\"elementor-widget-container\">\n\t\t\t\t\t<h2 class=\"elementor-heading-title elementor-size-default\">RIGHTS OF THE AFFECTED PARTY\n<\/h2>\t\t\t\t<\/div>\n\t\t\t\t<\/div>\n\t\t\t\t<div class=\"elementor-element elementor-element-348c4784 elementor-widget elementor-widget-text-editor\" data-id=\"348c4784\" data-element_type=\"widget\" data-e-type=\"widget\" data-widget_type=\"text-editor.default\">\n\t\t\t\t<div class=\"elementor-widget-container\">\n\t\t\t\t\t\t\t\t\t<p>You can exercise your rights of access, rectification, deletion and portability of your data, of limitation and opposition to its processing, as well as not to be the subject of decisions based solely on the automated processing of your data, and to revoke your consent at any time -without this affecting the lawfulness of the processing prior to revocation-, when proceeding to the Fundaci\u00f3 Ajuda i Esperan\u00e7a at Avinguda Portal de l&#039;\u00c0ngel, 7 principal 2.A of Barcelona 08002 or to coordinacio@telefonoesperanza.com. You have the right to file a complaint with the competent control authority and to obtain more information about your right to data protection you can go to the Spanish Data Protection Agency.<\/p>\t\t\t\t\t\t\t\t<\/div>\n\t\t\t\t<\/div>\n\t\t\t\t<\/div>\n\t\t<div class=\"elementor-element elementor-element-47b1a041 e-con-full e-flex e-con e-child\" data-id=\"47b1a041\" data-element_type=\"container\" data-e-type=\"container\">\n\t\t\t\t<div class=\"elementor-element elementor-element-7d064d77 elementor-widget elementor-widget-heading\" data-id=\"7d064d77\" data-element_type=\"widget\" data-e-type=\"widget\" data-widget_type=\"heading.default\">\n\t\t\t\t<div class=\"elementor-widget-container\">\n\t\t\t\t\t<h2 class=\"elementor-heading-title elementor-size-default\">RESERVATION OF RIGHTS\n<\/h2>\t\t\t\t<\/div>\n\t\t\t\t<\/div>\n\t\t\t\t<div class=\"elementor-element elementor-element-278d1340 elementor-widget elementor-widget-text-editor\" data-id=\"278d1340\" data-element_type=\"widget\" data-e-type=\"widget\" data-widget_type=\"text-editor.default\">\n\t\t\t\t<div class=\"elementor-widget-container\">\n\t\t\t\t\t\t\t\t\t<p>Fundaci\u00f3 Ajuda i Esperan\u00e7a reserves the right to modify this privacy policy unilaterally and without prior notice. For this reason, we recommend that users consult it regularly.<br \/>This privacy policy was last modified on: November 20, 2025<\/p>\t\t\t\t\t\t\t\t<\/div>\n\t\t\t\t<\/div>\n\t\t\t\t<\/div>\n\t\t\t\t\t<\/div>\n\t\t\t\t<\/div>\n\t\t\t\t<\/div>","protected":false},"excerpt":{"rendered":"<p>Inici Esperan\u00e7a en L\u00ednia ofereix\u00a0atenci\u00f3 i suport emocional\u00a0en un marc de total anonimat i\u00a0confidencialitat\u00a0amb l\u2019objectiu de millorar la qualitat de vida i el benestar emocional de les persones que viuen situacions de solitud, incomunicaci\u00f3 o que generen un patiment, contribuint aix\u00ed a\u00a0crear una societat m\u00e9s solid\u00e0ria, acollidora i resilient.\u00a0 La\u00a0Fundaci\u00f3 Ajuda i Esperan\u00e7a\u00a0i Esperan\u00e7a en&hellip;&nbsp;<a href=\"https:\/\/esperancaenlinia.org\/en\/politica-de-privacitat-donacions\/\" rel=\"bookmark\"><span class=\"screen-reader-text\">PRIVACY POLICY DONATIONS<\/span><\/a><\/p>","protected":false},"author":2,"featured_media":0,"parent":0,"menu_order":0,"comment_status":"closed","ping_status":"closed","template":"elementor_header_footer","meta":{"neve_meta_sidebar":"","neve_meta_container":"","neve_meta_enable_content_width":"off","neve_meta_content_width":100,"neve_meta_title_alignment":"","neve_meta_author_avatar":"","neve_post_elements_order":"","neve_meta_disable_header":"","neve_meta_disable_footer":"","neve_meta_disable_title":"","footnotes":""},"class_list":["post-5368","page","type-page","status-publish","hentry"],"yoast_head":"<!-- This site is optimized with the Yoast SEO plugin v27.1.1 - https:\/\/yoast.com\/product\/yoast-seo-wordpress\/ -->\n<title>POL\u00cdTICA DE PRIVACITAT DONACIONS - Fundaci\u00f3n Ajuda i Esperan\u00e7a<\/title>\n<meta name=\"robots\" content=\"index, follow, max-snippet:-1, max-image-preview:large, max-video-preview:-1\" \/>\n<link rel=\"canonical\" href=\"https:\/\/esperancaenlinia.org\/en\/politica-de-privacitat-donacions\/\" \/>\n<meta property=\"og:locale\" content=\"en_GB\" \/>\n<meta property=\"og:type\" content=\"article\" \/>\n<meta property=\"og:title\" content=\"POL\u00cdTICA DE PRIVACITAT DONACIONS - Fundaci\u00f3n Ajuda i Esperan\u00e7a\" \/>\n<meta property=\"og:description\" content=\"Inici Esperan\u00e7a en L\u00ednia ofereix\u00a0atenci\u00f3 i suport emocional\u00a0en un marc de total anonimat i\u00a0confidencialitat\u00a0amb l\u2019objectiu de millorar la qualitat de vida i el benestar emocional de les persones que viuen situacions de solitud, incomunicaci\u00f3 o que generen un patiment, contribuint aix\u00ed a\u00a0crear una societat m\u00e9s solid\u00e0ria, acollidora i resilient.\u00a0 La\u00a0Fundaci\u00f3 Ajuda i Esperan\u00e7a\u00a0i Esperan\u00e7a en&hellip;&nbsp;POL\u00cdTICA DE PRIVACITAT DONACIONS\" \/>\n<meta property=\"og:url\" content=\"https:\/\/esperancaenlinia.org\/en\/politica-de-privacitat-donacions\/\" \/>\n<meta property=\"og:site_name\" content=\"Fundaci\u00f3n Ajuda i Esperan\u00e7a\" \/>\n<meta property=\"article:modified_time\" content=\"2025-11-20T09:44:57+00:00\" \/>\n<meta name=\"twitter:card\" content=\"summary_large_image\" \/>\n<meta name=\"twitter:label1\" content=\"Estimated reading time\" \/>\n\t<meta name=\"twitter:data1\" content=\"4 minutes\" \/>\n<script type=\"application\/ld+json\" class=\"yoast-schema-graph\">{\"@context\":\"https:\/\/schema.org\",\"@graph\":[{\"@type\":\"WebPage\",\"@id\":\"https:\/\/esperancaenlinia.org\/politica-de-privacitat-donacions\/\",\"url\":\"https:\/\/esperancaenlinia.org\/politica-de-privacitat-donacions\/\",\"name\":\"POL\u00cdTICA DE PRIVACITAT DONACIONS - Fundaci\u00f3n Ajuda i Esperan\u00e7a\",\"isPartOf\":{\"@id\":\"https:\/\/esperancaenlinia.org\/#website\"},\"datePublished\":\"2025-06-17T08:37:53+00:00\",\"dateModified\":\"2025-11-20T09:44:57+00:00\",\"breadcrumb\":{\"@id\":\"https:\/\/esperancaenlinia.org\/politica-de-privacitat-donacions\/#breadcrumb\"},\"inLanguage\":\"en-GB\",\"potentialAction\":[{\"@type\":\"ReadAction\",\"target\":[\"https:\/\/esperancaenlinia.org\/politica-de-privacitat-donacions\/\"]}]},{\"@type\":\"BreadcrumbList\",\"@id\":\"https:\/\/esperancaenlinia.org\/politica-de-privacitat-donacions\/#breadcrumb\",\"itemListElement\":[{\"@type\":\"ListItem\",\"position\":1,\"name\":\"Portada\",\"item\":\"https:\/\/esperancaenlinia.org\/\"},{\"@type\":\"ListItem\",\"position\":2,\"name\":\"POL\u00cdTICA DE PRIVACITAT DONACIONS\"}]},{\"@type\":\"WebSite\",\"@id\":\"https:\/\/esperancaenlinia.org\/#website\",\"url\":\"https:\/\/esperancaenlinia.org\/\",\"name\":\"Fundaci\u00f3n Ajuda i Esperan\u00e7a\",\"description\":\"\",\"publisher\":{\"@id\":\"https:\/\/esperancaenlinia.org\/#organization\"},\"potentialAction\":[{\"@type\":\"SearchAction\",\"target\":{\"@type\":\"EntryPoint\",\"urlTemplate\":\"https:\/\/esperancaenlinia.org\/?s={search_term_string}\"},\"query-input\":{\"@type\":\"PropertyValueSpecification\",\"valueRequired\":true,\"valueName\":\"search_term_string\"}}],\"inLanguage\":\"en-GB\"},{\"@type\":\"Organization\",\"@id\":\"https:\/\/esperancaenlinia.org\/#organization\",\"name\":\"Fundaci\u00f3n Ajuda i Esperan\u00e7a\",\"url\":\"https:\/\/esperancaenlinia.org\/\",\"logo\":{\"@type\":\"ImageObject\",\"inLanguage\":\"en-GB\",\"@id\":\"https:\/\/esperancaenlinia.org\/#\/schema\/logo\/image\/\",\"url\":\"https:\/\/esperancaenlinia.org\/wp-content\/uploads\/2024\/04\/logo-1.png\",\"contentUrl\":\"https:\/\/esperancaenlinia.org\/wp-content\/uploads\/2024\/04\/logo-1.png\",\"width\":662,\"height\":200,\"caption\":\"Fundaci\u00f3n Ajuda i Esperan\u00e7a\"},\"image\":{\"@id\":\"https:\/\/esperancaenlinia.org\/#\/schema\/logo\/image\/\"}}]}<\/script>\n<!-- \/ Yoast SEO plugin. -->","yoast_head_json":{"title":"POL\u00cdTICA DE PRIVACITAT DONACIONS - Fundaci\u00f3n Ajuda i Esperan\u00e7a","robots":{"index":"index","follow":"follow","max-snippet":"max-snippet:-1","max-image-preview":"max-image-preview:large","max-video-preview":"max-video-preview:-1"},"canonical":"https:\/\/esperancaenlinia.org\/en\/politica-de-privacitat-donacions\/","og_locale":"en_GB","og_type":"article","og_title":"POL\u00cdTICA DE PRIVACITAT DONACIONS - Fundaci\u00f3n Ajuda i Esperan\u00e7a","og_description":"Inici Esperan\u00e7a en L\u00ednia ofereix\u00a0atenci\u00f3 i suport emocional\u00a0en un marc de total anonimat i\u00a0confidencialitat\u00a0amb l\u2019objectiu de millorar la qualitat de vida i el benestar emocional de les persones que viuen situacions de solitud, incomunicaci\u00f3 o que generen un patiment, contribuint aix\u00ed a\u00a0crear una societat m\u00e9s solid\u00e0ria, acollidora i resilient.\u00a0 La\u00a0Fundaci\u00f3 Ajuda i Esperan\u00e7a\u00a0i Esperan\u00e7a en&hellip;&nbsp;POL\u00cdTICA DE PRIVACITAT DONACIONS","og_url":"https:\/\/esperancaenlinia.org\/en\/politica-de-privacitat-donacions\/","og_site_name":"Fundaci\u00f3n Ajuda i Esperan\u00e7a","article_modified_time":"2025-11-20T09:44:57+00:00","twitter_card":"summary_large_image","twitter_misc":{"Estimated reading time":"4 minutes"},"schema":{"@context":"https:\/\/schema.org","@graph":[{"@type":"WebPage","@id":"https:\/\/esperancaenlinia.org\/politica-de-privacitat-donacions\/","url":"https:\/\/esperancaenlinia.org\/politica-de-privacitat-donacions\/","name":"POL\u00cdTICA DE PRIVACITAT DONACIONS - Fundaci\u00f3n Ajuda i Esperan\u00e7a","isPartOf":{"@id":"https:\/\/esperancaenlinia.org\/#website"},"datePublished":"2025-06-17T08:37:53+00:00","dateModified":"2025-11-20T09:44:57+00:00","breadcrumb":{"@id":"https:\/\/esperancaenlinia.org\/politica-de-privacitat-donacions\/#breadcrumb"},"inLanguage":"en-GB","potentialAction":[{"@type":"ReadAction","target":["https:\/\/esperancaenlinia.org\/politica-de-privacitat-donacions\/"]}]},{"@type":"BreadcrumbList","@id":"https:\/\/esperancaenlinia.org\/politica-de-privacitat-donacions\/#breadcrumb","itemListElement":[{"@type":"ListItem","position":1,"name":"Portada","item":"https:\/\/esperancaenlinia.org\/"},{"@type":"ListItem","position":2,"name":"POL\u00cdTICA DE PRIVACITAT DONACIONS"}]},{"@type":"WebSite","@id":"https:\/\/esperancaenlinia.org\/#website","url":"https:\/\/esperancaenlinia.org\/","name":"Fundaci\u00f3n Ajuda i Esperan\u00e7a","description":"","publisher":{"@id":"https:\/\/esperancaenlinia.org\/#organization"},"potentialAction":[{"@type":"SearchAction","target":{"@type":"EntryPoint","urlTemplate":"https:\/\/esperancaenlinia.org\/?s={search_term_string}"},"query-input":{"@type":"PropertyValueSpecification","valueRequired":true,"valueName":"search_term_string"}}],"inLanguage":"en-GB"},{"@type":"Organization","@id":"https:\/\/esperancaenlinia.org\/#organization","name":"Fundaci\u00f3n Ajuda i Esperan\u00e7a","url":"https:\/\/esperancaenlinia.org\/","logo":{"@type":"ImageObject","inLanguage":"en-GB","@id":"https:\/\/esperancaenlinia.org\/#\/schema\/logo\/image\/","url":"https:\/\/esperancaenlinia.org\/wp-content\/uploads\/2024\/04\/logo-1.png","contentUrl":"https:\/\/esperancaenlinia.org\/wp-content\/uploads\/2024\/04\/logo-1.png","width":662,"height":200,"caption":"Fundaci\u00f3n Ajuda i Esperan\u00e7a"},"image":{"@id":"https:\/\/esperancaenlinia.org\/#\/schema\/logo\/image\/"}}]}},"_links":{"self":[{"href":"https:\/\/esperancaenlinia.org\/en\/wp-json\/wp\/v2\/pages\/5368","targetHints":{"allow":["GET"]}}],"collection":[{"href":"https:\/\/esperancaenlinia.org\/en\/wp-json\/wp\/v2\/pages"}],"about":[{"href":"https:\/\/esperancaenlinia.org\/en\/wp-json\/wp\/v2\/types\/page"}],"author":[{"embeddable":true,"href":"https:\/\/esperancaenlinia.org\/en\/wp-json\/wp\/v2\/users\/2"}],"replies":[{"embeddable":true,"href":"https:\/\/esperancaenlinia.org\/en\/wp-json\/wp\/v2\/comments?post=5368"}],"version-history":[{"count":13,"href":"https:\/\/esperancaenlinia.org\/en\/wp-json\/wp\/v2\/pages\/5368\/revisions"}],"predecessor-version":[{"id":5384,"href":"https:\/\/esperancaenlinia.org\/en\/wp-json\/wp\/v2\/pages\/5368\/revisions\/5384"}],"wp:attachment":[{"href":"https:\/\/esperancaenlinia.org\/en\/wp-json\/wp\/v2\/media?parent=5368"}],"curies":[{"name":"wp","href":"https:\/\/api.w.org\/{rel}","templated":true}]}}