{"id":5385,"date":"2025-06-17T18:46:11","date_gmt":"2025-06-17T16:46:11","guid":{"rendered":"https:\/\/esperancaenlinia.org\/?page_id=5385"},"modified":"2025-11-20T10:51:36","modified_gmt":"2025-11-20T09:51:36","slug":"politica-de-privacitat-voluntariat","status":"publish","type":"page","link":"https:\/\/esperancaenlinia.org\/en\/politica-de-privacitat-voluntariat\/","title":{"rendered":"VOLUNTEERING PRIVACY POLICY"},"content":{"rendered":"<div data-elementor-type=\"wp-page\" data-elementor-id=\"5385\" class=\"elementor elementor-5385\" data-elementor-post-type=\"page\">\n\t\t\t\t<div class=\"elementor-element elementor-element-11c4399a animated-slow e-con-full e-flex elementor-invisible e-con e-parent\" data-id=\"11c4399a\" data-element_type=\"container\" data-e-type=\"container\" data-settings=\"{&quot;background_background&quot;:&quot;classic&quot;,&quot;animation&quot;:&quot;fadeIn&quot;}\">\n\t\t\t\t<div class=\"elementor-element elementor-element-38259c17 elementor-icon-list--layout-inline elementor-list-item-link-full_width elementor-widget elementor-widget-icon-list\" data-id=\"38259c17\" data-element_type=\"widget\" data-e-type=\"widget\" data-widget_type=\"icon-list.default\">\n\t\t\t\t<div class=\"elementor-widget-container\">\n\t\t\t\t\t\t\t<ul class=\"elementor-icon-list-items elementor-inline-items\">\n\t\t\t\t\t\t\t<li class=\"elementor-icon-list-item elementor-inline-item\">\n\t\t\t\t\t\t\t\t\t\t\t<a href=\"https:\/\/esperancaenlinia.org\/en\/\">\n\n\t\t\t\t\t\t\t\t\t\t\t<span class=\"elementor-icon-list-text\">Home<\/span>\n\t\t\t\t\t\t\t\t\t\t\t<\/a>\n\t\t\t\t\t\t\t\t\t<\/li>\n\t\t\t\t\t\t\t\t<li class=\"elementor-icon-list-item elementor-inline-item\">\n\t\t\t\t\t\t\t\t\t\t<span class=\"elementor-icon-list-text\"><\/span>\n\t\t\t\t\t\t\t\t\t<\/li>\n\t\t\t\t\t\t<\/ul>\n\t\t\t\t\t\t<\/div>\n\t\t\t\t<\/div>\n\t\t\t\t<\/div>\n\t\t<div class=\"elementor-element elementor-element-72362722 e-flex e-con-boxed e-con e-parent\" data-id=\"72362722\" data-element_type=\"container\" data-e-type=\"container\" data-settings=\"{&quot;background_background&quot;:&quot;classic&quot;}\">\n\t\t\t\t\t<div class=\"e-con-inner\">\n\t\t\t\t<div class=\"elementor-element elementor-element-467e8a2e elementor-widget__width-initial elementor-widget elementor-widget-text-editor\" data-id=\"467e8a2e\" data-element_type=\"widget\" data-e-type=\"widget\" data-widget_type=\"text-editor.default\">\n\t\t\t\t<div class=\"elementor-widget-container\">\n\t\t\t\t\t\t\t\t\t<p>Esperan\u00e7a en L\u00ednia offers care and emotional support in a framework of total anonymity and confidentiality with the aim of improving the quality of life and emotional well-being of people who experience situations of loneliness, lack of communication or that generate suffering, thus contributing to creating a more supportive, welcoming and resilient society. <br \/>The Fundaci\u00f3 Ajuda i Esperan\u00e7a i Esperan\u00e7a en l\u00ednea informs website users about its policy regarding the processing and protection of personal data of users and clients that may be obtained by browsing or contracting services through its website, as well as personal data available to the Fundaci\u00f3 Ajuda i Esperan\u00e7a i Esperan\u00e7a en l\u00ednea, obtained by any other means or reason.<br \/>In this sense, the Ajuda i Esperan\u00e7a Foundation and Esperan\u00e7a en l\u00ednea guarantee compliance with current regulations on the protection of personal data, reflected in the General Data Protection Regulation (EU) 2016\/679 and Organic Law 3\/2018, of December 5, on the Protection of Personal Data.<\/p>\t\t\t\t\t\t\t\t<\/div>\n\t\t\t\t<\/div>\n\t\t<div class=\"elementor-element elementor-element-2c2e5d82 e-con-full e-flex e-con e-child\" data-id=\"2c2e5d82\" data-element_type=\"container\" data-e-type=\"container\">\n\t\t\t\t<div class=\"elementor-element elementor-element-1efc1d03 elementor-widget elementor-widget-heading\" data-id=\"1efc1d03\" data-element_type=\"widget\" data-e-type=\"widget\" data-widget_type=\"heading.default\">\n\t\t\t\t<div class=\"elementor-widget-container\">\n\t\t\t\t\t<h2 class=\"elementor-heading-title elementor-size-default\">RESPONSIBLE FOR THE TREATMENT\n<\/h2>\t\t\t\t<\/div>\n\t\t\t\t<\/div>\n\t\t\t\t<div class=\"elementor-element elementor-element-7dc3ca29 elementor-widget elementor-widget-text-editor\" data-id=\"7dc3ca29\" data-element_type=\"widget\" data-e-type=\"widget\" data-widget_type=\"text-editor.default\">\n\t\t\t\t<div class=\"elementor-widget-container\">\n\t\t\t\t\t\t\t\t\t<p>Responsible for the processing: FUNDACI\u00d3 AJUDA I ESPERANZA<br \/>VAT number: R-5800402-I<br \/>Address: C\/ Girona, 34 08010-Barcelona <br \/>Email: lopd@telefonesperanza.com<br \/>Contact details of the Data Protection Officer: <br \/>anne.garcia@telefonoesperanza.com<\/p>\t\t\t\t\t\t\t\t<\/div>\n\t\t\t\t<\/div>\n\t\t\t\t<\/div>\n\t\t<div class=\"elementor-element elementor-element-2fdbc02a e-con-full e-flex e-con e-child\" data-id=\"2fdbc02a\" data-element_type=\"container\" data-e-type=\"container\">\n\t\t\t\t<div class=\"elementor-element elementor-element-5e169fe6 elementor-widget elementor-widget-heading\" data-id=\"5e169fe6\" data-element_type=\"widget\" data-e-type=\"widget\" data-widget_type=\"heading.default\">\n\t\t\t\t<div class=\"elementor-widget-container\">\n\t\t\t\t\t<h2 class=\"elementor-heading-title elementor-size-default\">PURPOSES OF DATA PROCESSING\n<\/h2>\t\t\t\t<\/div>\n\t\t\t\t<\/div>\n\t\t\t\t<div class=\"elementor-element elementor-element-603e6008 elementor-widget elementor-widget-text-editor\" data-id=\"603e6008\" data-element_type=\"widget\" data-e-type=\"widget\" data-widget_type=\"text-editor.default\">\n\t\t\t\t<div class=\"elementor-widget-container\">\n\t\t\t\t\t\t\t\t\t<p>The Ajuda i Esperan\u00e7a Foundation will process your data for the purposes specified in each procedure, depending on the procedure and means by which it was obtained and in accordance with the regulations established by the GDPR and other applicable provisions. The register of processing activities is located in Register of processing activities.<\/p>\t\t\t\t\t\t\t\t<\/div>\n\t\t\t\t<\/div>\n\t\t\t\t<\/div>\n\t\t<div class=\"elementor-element elementor-element-3efb4166 e-con-full e-flex e-con e-child\" data-id=\"3efb4166\" data-element_type=\"container\" data-e-type=\"container\">\n\t\t\t\t<div class=\"elementor-element elementor-element-68733290 elementor-widget elementor-widget-heading\" data-id=\"68733290\" data-element_type=\"widget\" data-e-type=\"widget\" data-widget_type=\"heading.default\">\n\t\t\t\t<div class=\"elementor-widget-container\">\n\t\t\t\t\t<h2 class=\"elementor-heading-title elementor-size-default\">LEGITIMATION FOR DATA PROCESSING \n<\/h2>\t\t\t\t<\/div>\n\t\t\t\t<\/div>\n\t\t\t\t<div class=\"elementor-element elementor-element-208c4cc9 elementor-widget elementor-widget-text-editor\" data-id=\"208c4cc9\" data-element_type=\"widget\" data-e-type=\"widget\" data-widget_type=\"text-editor.default\">\n\t\t\t\t<div class=\"elementor-widget-container\">\n\t\t\t\t\t\t\t\t\t<p>The legal basis that allows us to process personal data for the indicated purposes is: <br \/>1- Consent <br \/>2- Execution of a request, query or any other reason for which the entity has been contacted. <br \/>3- Legitimate interest <br \/>4- Legal obligation <br \/>Refusal to provide the data requested on the application form will result in the impossibility of being able to form part of our volunteer team.<br \/>At the same time, we also inform you that the data you communicate to us will only be transmitted to the necessary personnel and will be treated and safeguarded with all appropriate technical and organizational measures for your security.<\/p>\t\t\t\t\t\t\t\t<\/div>\n\t\t\t\t<\/div>\n\t\t\t\t<\/div>\n\t\t<div class=\"elementor-element elementor-element-6b04108 e-con-full e-flex e-con e-child\" data-id=\"6b04108\" data-element_type=\"container\" data-e-type=\"container\">\n\t\t\t\t<div class=\"elementor-element elementor-element-76e87893 elementor-widget elementor-widget-heading\" data-id=\"76e87893\" data-element_type=\"widget\" data-e-type=\"widget\" data-widget_type=\"heading.default\">\n\t\t\t\t<div class=\"elementor-widget-container\">\n\t\t\t\t\t<h2 class=\"elementor-heading-title elementor-size-default\">CONSERVATION OF PROCESSED DATA <\/h2>\t\t\t\t<\/div>\n\t\t\t\t<\/div>\n\t\t\t\t<div class=\"elementor-element elementor-element-1202e88a elementor-widget elementor-widget-text-editor\" data-id=\"1202e88a\" data-element_type=\"widget\" data-e-type=\"widget\" data-widget_type=\"text-editor.default\">\n\t\t\t\t<div class=\"elementor-widget-container\">\n\t\t\t\t\t\t\t\t\t<p>For all the purposes described, the period in which the data will be kept will be the time necessary to fulfill the purposes for which they were collected, or to meet legal requirements. Once they are no longer necessary, they will be deleted or anonymized securely. <\/p>\t\t\t\t\t\t\t\t<\/div>\n\t\t\t\t<\/div>\n\t\t\t\t<\/div>\n\t\t<div class=\"elementor-element elementor-element-56d23dc6 e-con-full e-flex e-con e-child\" data-id=\"56d23dc6\" data-element_type=\"container\" data-e-type=\"container\">\n\t\t\t\t<div class=\"elementor-element elementor-element-64b67f1a elementor-widget elementor-widget-heading\" data-id=\"64b67f1a\" data-element_type=\"widget\" data-e-type=\"widget\" data-widget_type=\"heading.default\">\n\t\t\t\t<div class=\"elementor-widget-container\">\n\t\t\t\t\t<h2 class=\"elementor-heading-title elementor-size-default\">RECIPIENTS OF THE INFORMATION\n<\/h2>\t\t\t\t<\/div>\n\t\t\t\t<\/div>\n\t\t\t\t<div class=\"elementor-element elementor-element-1a274edf elementor-widget elementor-widget-text-editor\" data-id=\"1a274edf\" data-element_type=\"widget\" data-e-type=\"widget\" data-widget_type=\"text-editor.default\">\n\t\t\t\t<div class=\"elementor-widget-container\">\n\t\t\t\t\t\t\t\t\t<p>The main data recipient is the Ajuda i Esperan\u00e7a Foundation, which undertakes not to sell, rent or transfer your personal data. The data will not be communicated to third parties for commercial purposes and no international data transfers will be made outside the European Economic Area, except for legal obligation or express consent of the interested party.<\/p>\t\t\t\t\t\t\t\t<\/div>\n\t\t\t\t<\/div>\n\t\t\t\t<\/div>\n\t\t<div class=\"elementor-element elementor-element-1d8d9298 e-con-full e-flex e-con e-child\" data-id=\"1d8d9298\" data-element_type=\"container\" data-e-type=\"container\">\n\t\t\t\t<div class=\"elementor-element elementor-element-40a238 elementor-widget elementor-widget-heading\" data-id=\"40a238\" data-element_type=\"widget\" data-e-type=\"widget\" data-widget_type=\"heading.default\">\n\t\t\t\t<div class=\"elementor-widget-container\">\n\t\t\t\t\t<h2 class=\"elementor-heading-title elementor-size-default\">RIGHTS OF THE AFFECTED PARTY\n<\/h2>\t\t\t\t<\/div>\n\t\t\t\t<\/div>\n\t\t\t\t<div class=\"elementor-element elementor-element-66acc356 elementor-widget elementor-widget-text-editor\" data-id=\"66acc356\" data-element_type=\"widget\" data-e-type=\"widget\" data-widget_type=\"text-editor.default\">\n\t\t\t\t<div class=\"elementor-widget-container\">\n\t\t\t\t\t\t\t\t\t<p>You can exercise your rights of access, rectification, deletion and portability of your data, of limitation and opposition to its processing, as well as not to be the subject of decisions based solely on the automated processing of your data, and to revoke your consent at any time -without this affecting the lawfulness of the processing prior to revocation-, when proceeding to the Fundaci\u00f3 Ajuda i Esperan\u00e7a at Avinguda Portal de l&#039;\u00c0ngel, 7 principal 2.A of Barcelona 08002 or to coordinacio@telefonoesperanza.com. You have the right to file a complaint with the competent control authority and to obtain more information about your right to data protection you can go to the Spanish Data Protection Agency.<\/p>\t\t\t\t\t\t\t\t<\/div>\n\t\t\t\t<\/div>\n\t\t\t\t<\/div>\n\t\t<div class=\"elementor-element elementor-element-13004692 e-con-full e-flex e-con e-child\" data-id=\"13004692\" data-element_type=\"container\" data-e-type=\"container\">\n\t\t\t\t<div class=\"elementor-element elementor-element-43265bdd elementor-widget elementor-widget-heading\" data-id=\"43265bdd\" data-element_type=\"widget\" data-e-type=\"widget\" data-widget_type=\"heading.default\">\n\t\t\t\t<div class=\"elementor-widget-container\">\n\t\t\t\t\t<h2 class=\"elementor-heading-title elementor-size-default\">RESERVATION OF RIGHTS\n<\/h2>\t\t\t\t<\/div>\n\t\t\t\t<\/div>\n\t\t\t\t<div class=\"elementor-element elementor-element-7df4eb82 elementor-widget elementor-widget-text-editor\" data-id=\"7df4eb82\" data-element_type=\"widget\" data-e-type=\"widget\" data-widget_type=\"text-editor.default\">\n\t\t\t\t<div class=\"elementor-widget-container\">\n\t\t\t\t\t\t\t\t\t<p>Fundaci\u00f3 Ajuda i Esperan\u00e7a reserves the right to modify this privacy policy unilaterally and without prior notice. For this reason, we recommend that users consult it regularly.<br \/>This privacy policy was last modified on: November 20, 2025<\/p>\t\t\t\t\t\t\t\t<\/div>\n\t\t\t\t<\/div>\n\t\t\t\t<\/div>\n\t\t\t\t\t<\/div>\n\t\t\t\t<\/div>\n\t\t\t\t<\/div>","protected":false},"excerpt":{"rendered":"<p>Inici Esperan\u00e7a en L\u00ednia ofereix atenci\u00f3 i suport emocional en un marc de total anonimat i confidencialitat amb l\u2019objectiu de millorar la qualitat de vida i el benestar emocional de les persones que viuen situacions de solitud, incomunicaci\u00f3 o que generen un patiment, contribuint aix\u00ed a crear una societat m\u00e9s solid\u00e0ria, acollidora i resilient. La&hellip;&nbsp;<a href=\"https:\/\/esperancaenlinia.org\/en\/politica-de-privacitat-voluntariat\/\" rel=\"bookmark\"><span class=\"screen-reader-text\">VOLUNTEERING PRIVACY POLICY<\/span><\/a><\/p>","protected":false},"author":2,"featured_media":0,"parent":0,"menu_order":0,"comment_status":"closed","ping_status":"closed","template":"elementor_header_footer","meta":{"neve_meta_sidebar":"","neve_meta_container":"","neve_meta_enable_content_width":"off","neve_meta_content_width":100,"neve_meta_title_alignment":"","neve_meta_author_avatar":"","neve_post_elements_order":"","neve_meta_disable_header":"","neve_meta_disable_footer":"","neve_meta_disable_title":"","footnotes":""},"class_list":["post-5385","page","type-page","status-publish","hentry"],"yoast_head":"<!-- This site is optimized with the Yoast SEO plugin v27.1.1 - https:\/\/yoast.com\/product\/yoast-seo-wordpress\/ -->\n<title>POL\u00cdTICA DE PRIVACITAT VOLUNTARIAT - Fundaci\u00f3n Ajuda i Esperan\u00e7a<\/title>\n<meta name=\"robots\" content=\"index, follow, max-snippet:-1, max-image-preview:large, max-video-preview:-1\" \/>\n<link rel=\"canonical\" href=\"https:\/\/esperancaenlinia.org\/en\/politica-de-privacitat-voluntariat\/\" \/>\n<meta property=\"og:locale\" content=\"en_GB\" \/>\n<meta property=\"og:type\" content=\"article\" \/>\n<meta property=\"og:title\" content=\"POL\u00cdTICA DE PRIVACITAT VOLUNTARIAT - Fundaci\u00f3n Ajuda i Esperan\u00e7a\" \/>\n<meta property=\"og:description\" content=\"Inici Esperan\u00e7a en L\u00ednia ofereix atenci\u00f3 i suport emocional en un marc de total anonimat i confidencialitat amb l\u2019objectiu de millorar la qualitat de vida i el benestar emocional de les persones que viuen situacions de solitud, incomunicaci\u00f3 o que generen un patiment, contribuint aix\u00ed a crear una societat m\u00e9s solid\u00e0ria, acollidora i resilient. La&hellip;&nbsp;POL\u00cdTICA DE PRIVACITAT VOLUNTARIAT\" \/>\n<meta property=\"og:url\" content=\"https:\/\/esperancaenlinia.org\/en\/politica-de-privacitat-voluntariat\/\" \/>\n<meta property=\"og:site_name\" content=\"Fundaci\u00f3n Ajuda i Esperan\u00e7a\" \/>\n<meta property=\"article:modified_time\" content=\"2025-11-20T09:51:36+00:00\" \/>\n<meta name=\"twitter:card\" content=\"summary_large_image\" \/>\n<meta name=\"twitter:label1\" content=\"Estimated reading time\" \/>\n\t<meta name=\"twitter:data1\" content=\"3 minutes\" \/>\n<script type=\"application\/ld+json\" class=\"yoast-schema-graph\">{\"@context\":\"https:\/\/schema.org\",\"@graph\":[{\"@type\":\"WebPage\",\"@id\":\"https:\/\/esperancaenlinia.org\/politica-de-privacitat-voluntariat\/\",\"url\":\"https:\/\/esperancaenlinia.org\/politica-de-privacitat-voluntariat\/\",\"name\":\"POL\u00cdTICA DE PRIVACITAT VOLUNTARIAT - Fundaci\u00f3n Ajuda i Esperan\u00e7a\",\"isPartOf\":{\"@id\":\"https:\/\/esperancaenlinia.org\/#website\"},\"datePublished\":\"2025-06-17T16:46:11+00:00\",\"dateModified\":\"2025-11-20T09:51:36+00:00\",\"breadcrumb\":{\"@id\":\"https:\/\/esperancaenlinia.org\/politica-de-privacitat-voluntariat\/#breadcrumb\"},\"inLanguage\":\"en-GB\",\"potentialAction\":[{\"@type\":\"ReadAction\",\"target\":[\"https:\/\/esperancaenlinia.org\/politica-de-privacitat-voluntariat\/\"]}]},{\"@type\":\"BreadcrumbList\",\"@id\":\"https:\/\/esperancaenlinia.org\/politica-de-privacitat-voluntariat\/#breadcrumb\",\"itemListElement\":[{\"@type\":\"ListItem\",\"position\":1,\"name\":\"Portada\",\"item\":\"https:\/\/esperancaenlinia.org\/\"},{\"@type\":\"ListItem\",\"position\":2,\"name\":\"POL\u00cdTICA DE PRIVACITAT VOLUNTARIAT\"}]},{\"@type\":\"WebSite\",\"@id\":\"https:\/\/esperancaenlinia.org\/#website\",\"url\":\"https:\/\/esperancaenlinia.org\/\",\"name\":\"Fundaci\u00f3n Ajuda i Esperan\u00e7a\",\"description\":\"\",\"publisher\":{\"@id\":\"https:\/\/esperancaenlinia.org\/#organization\"},\"potentialAction\":[{\"@type\":\"SearchAction\",\"target\":{\"@type\":\"EntryPoint\",\"urlTemplate\":\"https:\/\/esperancaenlinia.org\/?s={search_term_string}\"},\"query-input\":{\"@type\":\"PropertyValueSpecification\",\"valueRequired\":true,\"valueName\":\"search_term_string\"}}],\"inLanguage\":\"en-GB\"},{\"@type\":\"Organization\",\"@id\":\"https:\/\/esperancaenlinia.org\/#organization\",\"name\":\"Fundaci\u00f3n Ajuda i Esperan\u00e7a\",\"url\":\"https:\/\/esperancaenlinia.org\/\",\"logo\":{\"@type\":\"ImageObject\",\"inLanguage\":\"en-GB\",\"@id\":\"https:\/\/esperancaenlinia.org\/#\/schema\/logo\/image\/\",\"url\":\"https:\/\/esperancaenlinia.org\/wp-content\/uploads\/2024\/04\/logo-1.png\",\"contentUrl\":\"https:\/\/esperancaenlinia.org\/wp-content\/uploads\/2024\/04\/logo-1.png\",\"width\":662,\"height\":200,\"caption\":\"Fundaci\u00f3n Ajuda i Esperan\u00e7a\"},\"image\":{\"@id\":\"https:\/\/esperancaenlinia.org\/#\/schema\/logo\/image\/\"}}]}<\/script>\n<!-- \/ Yoast SEO plugin. -->","yoast_head_json":{"title":"POL\u00cdTICA DE PRIVACITAT VOLUNTARIAT - Fundaci\u00f3n Ajuda i Esperan\u00e7a","robots":{"index":"index","follow":"follow","max-snippet":"max-snippet:-1","max-image-preview":"max-image-preview:large","max-video-preview":"max-video-preview:-1"},"canonical":"https:\/\/esperancaenlinia.org\/en\/politica-de-privacitat-voluntariat\/","og_locale":"en_GB","og_type":"article","og_title":"POL\u00cdTICA DE PRIVACITAT VOLUNTARIAT - Fundaci\u00f3n Ajuda i Esperan\u00e7a","og_description":"Inici Esperan\u00e7a en L\u00ednia ofereix atenci\u00f3 i suport emocional en un marc de total anonimat i confidencialitat amb l\u2019objectiu de millorar la qualitat de vida i el benestar emocional de les persones que viuen situacions de solitud, incomunicaci\u00f3 o que generen un patiment, contribuint aix\u00ed a crear una societat m\u00e9s solid\u00e0ria, acollidora i resilient. La&hellip;&nbsp;POL\u00cdTICA DE PRIVACITAT VOLUNTARIAT","og_url":"https:\/\/esperancaenlinia.org\/en\/politica-de-privacitat-voluntariat\/","og_site_name":"Fundaci\u00f3n Ajuda i Esperan\u00e7a","article_modified_time":"2025-11-20T09:51:36+00:00","twitter_card":"summary_large_image","twitter_misc":{"Estimated reading time":"3 minutes"},"schema":{"@context":"https:\/\/schema.org","@graph":[{"@type":"WebPage","@id":"https:\/\/esperancaenlinia.org\/politica-de-privacitat-voluntariat\/","url":"https:\/\/esperancaenlinia.org\/politica-de-privacitat-voluntariat\/","name":"POL\u00cdTICA DE PRIVACITAT VOLUNTARIAT - Fundaci\u00f3n Ajuda i Esperan\u00e7a","isPartOf":{"@id":"https:\/\/esperancaenlinia.org\/#website"},"datePublished":"2025-06-17T16:46:11+00:00","dateModified":"2025-11-20T09:51:36+00:00","breadcrumb":{"@id":"https:\/\/esperancaenlinia.org\/politica-de-privacitat-voluntariat\/#breadcrumb"},"inLanguage":"en-GB","potentialAction":[{"@type":"ReadAction","target":["https:\/\/esperancaenlinia.org\/politica-de-privacitat-voluntariat\/"]}]},{"@type":"BreadcrumbList","@id":"https:\/\/esperancaenlinia.org\/politica-de-privacitat-voluntariat\/#breadcrumb","itemListElement":[{"@type":"ListItem","position":1,"name":"Portada","item":"https:\/\/esperancaenlinia.org\/"},{"@type":"ListItem","position":2,"name":"POL\u00cdTICA DE PRIVACITAT VOLUNTARIAT"}]},{"@type":"WebSite","@id":"https:\/\/esperancaenlinia.org\/#website","url":"https:\/\/esperancaenlinia.org\/","name":"Fundaci\u00f3n Ajuda i Esperan\u00e7a","description":"","publisher":{"@id":"https:\/\/esperancaenlinia.org\/#organization"},"potentialAction":[{"@type":"SearchAction","target":{"@type":"EntryPoint","urlTemplate":"https:\/\/esperancaenlinia.org\/?s={search_term_string}"},"query-input":{"@type":"PropertyValueSpecification","valueRequired":true,"valueName":"search_term_string"}}],"inLanguage":"en-GB"},{"@type":"Organization","@id":"https:\/\/esperancaenlinia.org\/#organization","name":"Fundaci\u00f3n Ajuda i Esperan\u00e7a","url":"https:\/\/esperancaenlinia.org\/","logo":{"@type":"ImageObject","inLanguage":"en-GB","@id":"https:\/\/esperancaenlinia.org\/#\/schema\/logo\/image\/","url":"https:\/\/esperancaenlinia.org\/wp-content\/uploads\/2024\/04\/logo-1.png","contentUrl":"https:\/\/esperancaenlinia.org\/wp-content\/uploads\/2024\/04\/logo-1.png","width":662,"height":200,"caption":"Fundaci\u00f3n Ajuda i Esperan\u00e7a"},"image":{"@id":"https:\/\/esperancaenlinia.org\/#\/schema\/logo\/image\/"}}]}},"_links":{"self":[{"href":"https:\/\/esperancaenlinia.org\/en\/wp-json\/wp\/v2\/pages\/5385","targetHints":{"allow":["GET"]}}],"collection":[{"href":"https:\/\/esperancaenlinia.org\/en\/wp-json\/wp\/v2\/pages"}],"about":[{"href":"https:\/\/esperancaenlinia.org\/en\/wp-json\/wp\/v2\/types\/page"}],"author":[{"embeddable":true,"href":"https:\/\/esperancaenlinia.org\/en\/wp-json\/wp\/v2\/users\/2"}],"replies":[{"embeddable":true,"href":"https:\/\/esperancaenlinia.org\/en\/wp-json\/wp\/v2\/comments?post=5385"}],"version-history":[{"count":11,"href":"https:\/\/esperancaenlinia.org\/en\/wp-json\/wp\/v2\/pages\/5385\/revisions"}],"predecessor-version":[{"id":5398,"href":"https:\/\/esperancaenlinia.org\/en\/wp-json\/wp\/v2\/pages\/5385\/revisions\/5398"}],"wp:attachment":[{"href":"https:\/\/esperancaenlinia.org\/en\/wp-json\/wp\/v2\/media?parent=5385"}],"curies":[{"name":"wp","href":"https:\/\/api.w.org\/{rel}","templated":true}]}}