{"version":"1.0","provider_name":"Fundaci\u00f3n Ayuda y Esperanza","provider_url":"https:\/\/esperancaenlinia.org\/es","author_name":"3sp3rRnOv","author_url":"https:\/\/esperancaenlinia.org\/es\/author\/3sp3rrnov\/","title":"Observatori de l'Esperan\u00e7a - Fundaci\u00f3n Ajuda i Esperan\u00e7a","type":"rich","width":600,"height":338,"html":"<blockquote class=\"wp-embedded-content\" data-secret=\"r9Heb7WsgM\"><a href=\"https:\/\/esperancaenlinia.org\/es\/observatori-esperanca-obe\/\">Observatorio de la Esperanza<\/a><\/blockquote><iframe sandbox=\"allow-scripts\" security=\"restricted\" src=\"https:\/\/esperancaenlinia.org\/es\/observatori-esperanca-obe\/embed\/#?secret=r9Heb7WsgM\" width=\"600\" height=\"338\" title=\"\u00abObservatori de l&#8217;Esperan\u00e7a\u00bb \u2014 Fundaci\u00f3n Ajuda i Esperan\u00e7a\" data-secret=\"r9Heb7WsgM\" frameborder=\"0\" marginwidth=\"0\" marginheight=\"0\" scrolling=\"no\" class=\"wp-embedded-content\"><\/iframe><script>\n\/*! This file is auto-generated *\/\n!function(d,l){\"use strict\";l.querySelector&&d.addEventListener&&\"undefined\"!=typeof URL&&(d.wp=d.wp||{},d.wp.receiveEmbedMessage||(d.wp.receiveEmbedMessage=function(e){var t=e.data;if((t||t.secret||t.message||t.value)&&!\/[^a-zA-Z0-9]\/.test(t.secret)){for(var s,r,n,a=l.querySelectorAll('iframe[data-secret=\"'+t.secret+'\"]'),o=l.querySelectorAll('blockquote[data-secret=\"'+t.secret+'\"]'),c=new RegExp(\"^https?:$\",\"i\"),i=0;i<o.length;i++)o[i].style.display=\"none\";for(i=0;i<a.length;i++)s=a[i],e.source===s.contentWindow&&(s.removeAttribute(\"style\"),\"height\"===t.message?(1e3<(r=parseInt(t.value,10))?r=1e3:~~r<200&&(r=200),s.height=r):\"link\"===t.message&&(r=new URL(s.getAttribute(\"src\")),n=new URL(t.value),c.test(n.protocol))&&n.host===r.host&&l.activeElement===s&&(d.top.location.href=t.value))}},d.addEventListener(\"message\",d.wp.receiveEmbedMessage,!1),l.addEventListener(\"DOMContentLoaded\",function(){for(var e,t,s=l.querySelectorAll(\"iframe.wp-embedded-content\"),r=0;r<s.length;r++)(t=(e=s[r]).getAttribute(\"data-secret\"))||(t=Math.random().toString(36).substring(2,12),e.src+=\"#?secret=\"+t,e.setAttribute(\"data-secret\",t)),e.contentWindow.postMessage({message:\"ready\",secret:t},\"*\")},!1)))}(window,document);\n\/\/# sourceURL=https:\/\/esperancaenlinia.org\/wp-includes\/js\/wp-embed.min.js\n<\/script>","description":"Inici | Observatori de l&#8217;Esperan\u00e7a Observatori de l&#8217;Esperan\u00e7a OBE Observatori de l&#8217;Esperan\u00e7a La creaci\u00f3 de l\u2019Observatori de l\u2019Esperan\u00e7a va estar motivada per la voluntat de generar dispositius d\u2019an\u00e0lisi dins la fundaci\u00f3 que treballin les dades que es generen de la prestaci\u00f3 dels nostres serveis. Al mateix temps \u00e9s un espai de reflexi\u00f3 i an\u00e0lisi multifactorial&hellip;&nbsp;","thumbnail_url":"https:\/\/esperancaenlinia.org\/wp-content\/uploads\/2025\/01\/observatori-esperanca-esperanca-linia.jpg","thumbnail_width":675,"thumbnail_height":1200}