{"id":5385,"date":"2025-06-17T18:46:11","date_gmt":"2025-06-17T16:46:11","guid":{"rendered":"https:\/\/esperancaenlinia.org\/?page_id=5385"},"modified":"2025-11-20T10:51:36","modified_gmt":"2025-11-20T09:51:36","slug":"politica-de-privacitat-voluntariat","status":"publish","type":"page","link":"https:\/\/esperancaenlinia.org\/es\/politica-de-privacitat-voluntariat\/","title":{"rendered":"POL\u00cdTICA DE PRIVACIDAD VOLUNTARIADO"},"content":{"rendered":"<div data-elementor-type=\"wp-page\" data-elementor-id=\"5385\" class=\"elementor elementor-5385\" data-elementor-post-type=\"page\">\n\t\t\t\t<div class=\"elementor-element elementor-element-11c4399a animated-slow e-con-full e-flex elementor-invisible e-con e-parent\" data-id=\"11c4399a\" data-element_type=\"container\" data-e-type=\"container\" data-settings=\"{&quot;background_background&quot;:&quot;classic&quot;,&quot;animation&quot;:&quot;fadeIn&quot;}\">\n\t\t\t\t<div class=\"elementor-element elementor-element-38259c17 elementor-icon-list--layout-inline elementor-list-item-link-full_width elementor-widget elementor-widget-icon-list\" data-id=\"38259c17\" data-element_type=\"widget\" data-e-type=\"widget\" data-widget_type=\"icon-list.default\">\n\t\t\t\t<div class=\"elementor-widget-container\">\n\t\t\t\t\t\t\t<ul class=\"elementor-icon-list-items elementor-inline-items\">\n\t\t\t\t\t\t\t<li class=\"elementor-icon-list-item elementor-inline-item\">\n\t\t\t\t\t\t\t\t\t\t\t<a href=\"https:\/\/esperancaenlinia.org\/es\/\">\n\n\t\t\t\t\t\t\t\t\t\t\t<span class=\"elementor-icon-list-text\">Inicio<\/span>\n\t\t\t\t\t\t\t\t\t\t\t<\/a>\n\t\t\t\t\t\t\t\t\t<\/li>\n\t\t\t\t\t\t\t\t<li class=\"elementor-icon-list-item elementor-inline-item\">\n\t\t\t\t\t\t\t\t\t\t<span class=\"elementor-icon-list-text\"><\/span>\n\t\t\t\t\t\t\t\t\t<\/li>\n\t\t\t\t\t\t<\/ul>\n\t\t\t\t\t\t<\/div>\n\t\t\t\t<\/div>\n\t\t\t\t<\/div>\n\t\t<div class=\"elementor-element elementor-element-72362722 e-flex e-con-boxed e-con e-parent\" data-id=\"72362722\" data-element_type=\"container\" data-e-type=\"container\" data-settings=\"{&quot;background_background&quot;:&quot;classic&quot;}\">\n\t\t\t\t\t<div class=\"e-con-inner\">\n\t\t\t\t<div class=\"elementor-element elementor-element-467e8a2e elementor-widget__width-initial elementor-widget elementor-widget-text-editor\" data-id=\"467e8a2e\" data-element_type=\"widget\" data-e-type=\"widget\" data-widget_type=\"text-editor.default\">\n\t\t\t\t<div class=\"elementor-widget-container\">\n\t\t\t\t\t\t\t\t\t<p>Esperanza en L\u00ednea ofrece atenci\u00f3n y apoyo emocional en un marco de total anonimato y confidencialidad con el objetivo de mejorar la calidad de vida y el bienestar emocional de las personas que viven situaciones de soledad, incomunicaci\u00f3n o que generan un sufrimiento, contribuyendo as\u00ed a crear una sociedad m\u00e1s solidaria, acogedora y resiliente. <br \/>La Fundaci\u00f3n Ayuda y Esperanza y Esperanza online informa a los usuarios\/arias del sitio web sobre su pol\u00edtica respecto al tratamiento y protecci\u00f3n de los datos de car\u00e1cter personal de los usuarios\/as y clientes\/as que puedan ser obtenidos por la navegaci\u00f3n o contrataci\u00f3n de servicios a trav\u00e9s de su sitio web, as\u00ed como de los datos personales de que disponga la Fundaci\u00f3n Ayuda y Esperanza y Esperanza online, obtenidas.<br \/>En este sentido, la Fundaci\u00f3n Ayuda y Esperanza y Esperanza online garantizan el cumplimiento de la normativa vigente en materia de protecci\u00f3n de datos personales, reflejada en el Reglamento General de Protecci\u00f3n de Datos (UE) 2016\/679 y la Ley Org\u00e1nica 3\/2018, de 5 diciembre, de Protecci\u00f3n de Datos de Car\u00e1cter Personal.<\/p>\t\t\t\t\t\t\t\t<\/div>\n\t\t\t\t<\/div>\n\t\t<div class=\"elementor-element elementor-element-2c2e5d82 e-con-full e-flex e-con e-child\" data-id=\"2c2e5d82\" data-element_type=\"container\" data-e-type=\"container\">\n\t\t\t\t<div class=\"elementor-element elementor-element-1efc1d03 elementor-widget elementor-widget-heading\" data-id=\"1efc1d03\" data-element_type=\"widget\" data-e-type=\"widget\" data-widget_type=\"heading.default\">\n\t\t\t\t<div class=\"elementor-widget-container\">\n\t\t\t\t\t<h2 class=\"elementor-heading-title elementor-size-default\">RESPONSABLE DEL TRATAMIENTO\n<\/h2>\t\t\t\t<\/div>\n\t\t\t\t<\/div>\n\t\t\t\t<div class=\"elementor-element elementor-element-7dc3ca29 elementor-widget elementor-widget-text-editor\" data-id=\"7dc3ca29\" data-element_type=\"widget\" data-e-type=\"widget\" data-widget_type=\"text-editor.default\">\n\t\t\t\t<div class=\"elementor-widget-container\">\n\t\t\t\t\t\t\t\t\t<p>Responsable del tratamiento: FUNDACI\u00d3N AYUDA Y ESPERANZA<br \/>CIF: R-5800402-I<br \/>Direcci\u00f3n: C\/ Girona, 34 08010-Barcelona <br \/>Correo electr\u00f3nico: lopd@telefonesperanza.com<br \/>Datos de contacto del Delegado de Protecci\u00f3n de Datos: <br \/>anne.garcia@telefonoesperanza.com<\/p>\t\t\t\t\t\t\t\t<\/div>\n\t\t\t\t<\/div>\n\t\t\t\t<\/div>\n\t\t<div class=\"elementor-element elementor-element-2fdbc02a e-con-full e-flex e-con e-child\" data-id=\"2fdbc02a\" data-element_type=\"container\" data-e-type=\"container\">\n\t\t\t\t<div class=\"elementor-element elementor-element-5e169fe6 elementor-widget elementor-widget-heading\" data-id=\"5e169fe6\" data-element_type=\"widget\" data-e-type=\"widget\" data-widget_type=\"heading.default\">\n\t\t\t\t<div class=\"elementor-widget-container\">\n\t\t\t\t\t<h2 class=\"elementor-heading-title elementor-size-default\">FINALIDADES DEL TRATAMIENTO DE DATOS\n<\/h2>\t\t\t\t<\/div>\n\t\t\t\t<\/div>\n\t\t\t\t<div class=\"elementor-element elementor-element-603e6008 elementor-widget elementor-widget-text-editor\" data-id=\"603e6008\" data-element_type=\"widget\" data-e-type=\"widget\" data-widget_type=\"text-editor.default\">\n\t\t\t\t<div class=\"elementor-widget-container\">\n\t\t\t\t\t\t\t\t\t<p>La Fundaci\u00f3n Ayuda y Esperanza tratar\u00e1 sus datos con las finalidades especificadas en cada tr\u00e1mite, seg\u00fan sea el procedimiento y medio por el que se han obtenido y de conformidad con la regulaci\u00f3n establecida por el RPGD y otras disposiciones de aplicaci\u00f3n. El registro de actividades de tratamiento se encuentra en Registro de actividades de tratamiento.<\/p>\t\t\t\t\t\t\t\t<\/div>\n\t\t\t\t<\/div>\n\t\t\t\t<\/div>\n\t\t<div class=\"elementor-element elementor-element-3efb4166 e-con-full e-flex e-con e-child\" data-id=\"3efb4166\" data-element_type=\"container\" data-e-type=\"container\">\n\t\t\t\t<div class=\"elementor-element elementor-element-68733290 elementor-widget elementor-widget-heading\" data-id=\"68733290\" data-element_type=\"widget\" data-e-type=\"widget\" data-widget_type=\"heading.default\">\n\t\t\t\t<div class=\"elementor-widget-container\">\n\t\t\t\t\t<h2 class=\"elementor-heading-title elementor-size-default\">LEGITIMACI\u00d3N POR EL TRATAMIENTO DE DATOS \n<\/h2>\t\t\t\t<\/div>\n\t\t\t\t<\/div>\n\t\t\t\t<div class=\"elementor-element elementor-element-208c4cc9 elementor-widget elementor-widget-text-editor\" data-id=\"208c4cc9\" data-element_type=\"widget\" data-e-type=\"widget\" data-widget_type=\"text-editor.default\">\n\t\t\t\t<div class=\"elementor-widget-container\">\n\t\t\t\t\t\t\t\t\t<p>La base legal que nos permite el tratamiento de datos personales para las finalidades indicadas son: <br \/>1- Consentimiento <br \/>2- Ejecuci\u00f3n de una petici\u00f3n, consulta o cualquier otro motivo por el que se haya comunicado con la entidad. <br \/>3- Inter\u00e9s leg\u00edtimo <br \/>4- Obligaci\u00f3n legal <br \/>La negativa a facilitar los datos solicitados en el impreso de solicitud, tendr\u00e1 como consecuencia la imposibilidad de poder formar parte de nuestro voluntariado.<br \/>Al mismo tiempo, tambi\u00e9n les informamos que los datos que nos comunican s\u00f3lo ser\u00e1n transmitidos al personal necesario y ser\u00e1n tratados y custodiados con todas las medidas t\u00e9cnicas y organizativas adecuadas para su seguridad.<\/p>\t\t\t\t\t\t\t\t<\/div>\n\t\t\t\t<\/div>\n\t\t\t\t<\/div>\n\t\t<div class=\"elementor-element elementor-element-6b04108 e-con-full e-flex e-con e-child\" data-id=\"6b04108\" data-element_type=\"container\" data-e-type=\"container\">\n\t\t\t\t<div class=\"elementor-element elementor-element-76e87893 elementor-widget elementor-widget-heading\" data-id=\"76e87893\" data-element_type=\"widget\" data-e-type=\"widget\" data-widget_type=\"heading.default\">\n\t\t\t\t<div class=\"elementor-widget-container\">\n\t\t\t\t\t<h2 class=\"elementor-heading-title elementor-size-default\">CONSERVACI\u00d3N DE LOS DATOS TRATADOS <\/h2>\t\t\t\t<\/div>\n\t\t\t\t<\/div>\n\t\t\t\t<div class=\"elementor-element elementor-element-1202e88a elementor-widget elementor-widget-text-editor\" data-id=\"1202e88a\" data-element_type=\"widget\" data-e-type=\"widget\" data-widget_type=\"text-editor.default\">\n\t\t\t\t<div class=\"elementor-widget-container\">\n\t\t\t\t\t\t\t\t\t<p>Por todas las finalidades descritas, el per\u00edodo en el que los datos se conservar\u00e1n ser\u00e1 el tiempo necesario para cumplir los fines para los que se han recogido, o para atender requisitos legales. Una vez dejen de ser necesarias, se eliminar\u00e1n o anonimizar\u00e1n de forma segura. <\/p>\t\t\t\t\t\t\t\t<\/div>\n\t\t\t\t<\/div>\n\t\t\t\t<\/div>\n\t\t<div class=\"elementor-element elementor-element-56d23dc6 e-con-full e-flex e-con e-child\" data-id=\"56d23dc6\" data-element_type=\"container\" data-e-type=\"container\">\n\t\t\t\t<div class=\"elementor-element elementor-element-64b67f1a elementor-widget elementor-widget-heading\" data-id=\"64b67f1a\" data-element_type=\"widget\" data-e-type=\"widget\" data-widget_type=\"heading.default\">\n\t\t\t\t<div class=\"elementor-widget-container\">\n\t\t\t\t\t<h2 class=\"elementor-heading-title elementor-size-default\">DESTINATARIOS DE LA INFORMACI\u00d3N\n<\/h2>\t\t\t\t<\/div>\n\t\t\t\t<\/div>\n\t\t\t\t<div class=\"elementor-element elementor-element-1a274edf elementor-widget elementor-widget-text-editor\" data-id=\"1a274edf\" data-element_type=\"widget\" data-e-type=\"widget\" data-widget_type=\"text-editor.default\">\n\t\t\t\t<div class=\"elementor-widget-container\">\n\t\t\t\t\t\t\t\t\t<p>El destinatario de datos principal es la Fundaci\u00f3n Ayuda y Esperanza, quien se compromete a no vender, alquilar o ceder tus datos personales. Los datos no se comunicar\u00e1n a terceros por fines comerciales y no se realizar\u00e1n transferencias internacionales de datos fuera del Espacio Econ\u00f3mico Europeo, salvo obligaci\u00f3n legal o consentimiento expreso del interesado.<\/p>\t\t\t\t\t\t\t\t<\/div>\n\t\t\t\t<\/div>\n\t\t\t\t<\/div>\n\t\t<div class=\"elementor-element elementor-element-1d8d9298 e-con-full e-flex e-con e-child\" data-id=\"1d8d9298\" data-element_type=\"container\" data-e-type=\"container\">\n\t\t\t\t<div class=\"elementor-element elementor-element-40a238 elementor-widget elementor-widget-heading\" data-id=\"40a238\" data-element_type=\"widget\" data-e-type=\"widget\" data-widget_type=\"heading.default\">\n\t\t\t\t<div class=\"elementor-widget-container\">\n\t\t\t\t\t<h2 class=\"elementor-heading-title elementor-size-default\">DERECHOS DEL AFECTADO\n<\/h2>\t\t\t\t<\/div>\n\t\t\t\t<\/div>\n\t\t\t\t<div class=\"elementor-element elementor-element-66acc356 elementor-widget elementor-widget-text-editor\" data-id=\"66acc356\" data-element_type=\"widget\" data-e-type=\"widget\" data-widget_type=\"text-editor.default\">\n\t\t\t\t<div class=\"elementor-widget-container\">\n\t\t\t\t\t\t\t\t\t<p>Puede ejercer sus derechos de acceso, rectificaci\u00f3n, supresi\u00f3n y portabilidad de sus datos, de limitaci\u00f3n y oposici\u00f3n a su tratamiento, as\u00ed como a no ser objeto de decisiones basadas \u00fanicamente en el tratamiento automatizado de sus datos, ya revocar su consentimiento en cualquier momento -sin que ello afecte a la licitud del tratamiento previa a la revocaci\u00f3n-, cuando procedan \u00c0ngel, 7 principal 2.A de Barcelona 08002 o bien a coordinacio@telefonoesperanza.com. Tiene derecho a presentar una reclamaci\u00f3n ante la autoridad de control competente y para obtener m\u00e1s informaci\u00f3n sobre su derecho a la protecci\u00f3n de datos puede acudir a la Agencia Espa\u00f1ola de Protecci\u00f3n de Datos.<\/p>\t\t\t\t\t\t\t\t<\/div>\n\t\t\t\t<\/div>\n\t\t\t\t<\/div>\n\t\t<div class=\"elementor-element elementor-element-13004692 e-con-full e-flex e-con e-child\" data-id=\"13004692\" data-element_type=\"container\" data-e-type=\"container\">\n\t\t\t\t<div class=\"elementor-element elementor-element-43265bdd elementor-widget elementor-widget-heading\" data-id=\"43265bdd\" data-element_type=\"widget\" data-e-type=\"widget\" data-widget_type=\"heading.default\">\n\t\t\t\t<div class=\"elementor-widget-container\">\n\t\t\t\t\t<h2 class=\"elementor-heading-title elementor-size-default\">RESERVA DE DERECHOS\n<\/h2>\t\t\t\t<\/div>\n\t\t\t\t<\/div>\n\t\t\t\t<div class=\"elementor-element elementor-element-7df4eb82 elementor-widget elementor-widget-text-editor\" data-id=\"7df4eb82\" data-element_type=\"widget\" data-e-type=\"widget\" data-widget_type=\"text-editor.default\">\n\t\t\t\t<div class=\"elementor-widget-container\">\n\t\t\t\t\t\t\t\t\t<p>Fundaci\u00f3n Ayuda y Esperanza se reserva el derecho de modificar esta pol\u00edtica de privacidad de forma unilateral y sin preaviso. Por este motivo recomendamos a los usuarios que la consulten con regularidad.<br \/>Esta pol\u00edtica de privacidad se ha modificado por \u00faltima vez el d\u00eda: 20 de noviembre de 2025<\/p>\t\t\t\t\t\t\t\t<\/div>\n\t\t\t\t<\/div>\n\t\t\t\t<\/div>\n\t\t\t\t\t<\/div>\n\t\t\t\t<\/div>\n\t\t\t\t<\/div>","protected":false},"excerpt":{"rendered":"<p>Inici Esperan\u00e7a en L\u00ednia ofereix atenci\u00f3 i suport emocional en un marc de total anonimat i confidencialitat amb l\u2019objectiu de millorar la qualitat de vida i el benestar emocional de les persones que viuen situacions de solitud, incomunicaci\u00f3 o que generen un patiment, contribuint aix\u00ed a crear una societat m\u00e9s solid\u00e0ria, acollidora i resilient. La&hellip;&nbsp;<a href=\"https:\/\/esperancaenlinia.org\/es\/politica-de-privacitat-voluntariat\/\" rel=\"bookmark\"><span class=\"screen-reader-text\">POL\u00cdTICA DE PRIVACIDAD VOLUNTARIADO<\/span><\/a><\/p>","protected":false},"author":2,"featured_media":0,"parent":0,"menu_order":0,"comment_status":"closed","ping_status":"closed","template":"elementor_header_footer","meta":{"neve_meta_sidebar":"","neve_meta_container":"","neve_meta_enable_content_width":"off","neve_meta_content_width":100,"neve_meta_title_alignment":"","neve_meta_author_avatar":"","neve_post_elements_order":"","neve_meta_disable_header":"","neve_meta_disable_footer":"","neve_meta_disable_title":"","footnotes":""},"class_list":["post-5385","page","type-page","status-publish","hentry"],"yoast_head":"<!-- This site is optimized with the Yoast SEO plugin v27.1.1 - https:\/\/yoast.com\/product\/yoast-seo-wordpress\/ -->\n<title>POL\u00cdTICA DE PRIVACITAT VOLUNTARIAT - Fundaci\u00f3n Ajuda i Esperan\u00e7a<\/title>\n<meta name=\"robots\" content=\"index, follow, max-snippet:-1, max-image-preview:large, max-video-preview:-1\" \/>\n<link rel=\"canonical\" href=\"https:\/\/esperancaenlinia.org\/es\/politica-de-privacitat-voluntariat\/\" \/>\n<meta property=\"og:locale\" content=\"es_ES\" \/>\n<meta property=\"og:type\" content=\"article\" \/>\n<meta property=\"og:title\" content=\"POL\u00cdTICA DE PRIVACITAT VOLUNTARIAT - Fundaci\u00f3n Ajuda i Esperan\u00e7a\" \/>\n<meta property=\"og:description\" content=\"Inici Esperan\u00e7a en L\u00ednia ofereix atenci\u00f3 i suport emocional en un marc de total anonimat i confidencialitat amb l\u2019objectiu de millorar la qualitat de vida i el benestar emocional de les persones que viuen situacions de solitud, incomunicaci\u00f3 o que generen un patiment, contribuint aix\u00ed a crear una societat m\u00e9s solid\u00e0ria, acollidora i resilient. La&hellip;&nbsp;POL\u00cdTICA DE PRIVACITAT VOLUNTARIAT\" \/>\n<meta property=\"og:url\" content=\"https:\/\/esperancaenlinia.org\/es\/politica-de-privacitat-voluntariat\/\" \/>\n<meta property=\"og:site_name\" content=\"Fundaci\u00f3n Ajuda i Esperan\u00e7a\" \/>\n<meta property=\"article:modified_time\" content=\"2025-11-20T09:51:36+00:00\" \/>\n<meta name=\"twitter:card\" content=\"summary_large_image\" \/>\n<meta name=\"twitter:label1\" content=\"Tiempo de lectura\" \/>\n\t<meta name=\"twitter:data1\" content=\"3 minutos\" \/>\n<script type=\"application\/ld+json\" class=\"yoast-schema-graph\">{\"@context\":\"https:\/\/schema.org\",\"@graph\":[{\"@type\":\"WebPage\",\"@id\":\"https:\/\/esperancaenlinia.org\/politica-de-privacitat-voluntariat\/\",\"url\":\"https:\/\/esperancaenlinia.org\/politica-de-privacitat-voluntariat\/\",\"name\":\"POL\u00cdTICA DE PRIVACITAT VOLUNTARIAT - Fundaci\u00f3n Ajuda i Esperan\u00e7a\",\"isPartOf\":{\"@id\":\"https:\/\/esperancaenlinia.org\/#website\"},\"datePublished\":\"2025-06-17T16:46:11+00:00\",\"dateModified\":\"2025-11-20T09:51:36+00:00\",\"breadcrumb\":{\"@id\":\"https:\/\/esperancaenlinia.org\/politica-de-privacitat-voluntariat\/#breadcrumb\"},\"inLanguage\":\"es\",\"potentialAction\":[{\"@type\":\"ReadAction\",\"target\":[\"https:\/\/esperancaenlinia.org\/politica-de-privacitat-voluntariat\/\"]}]},{\"@type\":\"BreadcrumbList\",\"@id\":\"https:\/\/esperancaenlinia.org\/politica-de-privacitat-voluntariat\/#breadcrumb\",\"itemListElement\":[{\"@type\":\"ListItem\",\"position\":1,\"name\":\"Portada\",\"item\":\"https:\/\/esperancaenlinia.org\/\"},{\"@type\":\"ListItem\",\"position\":2,\"name\":\"POL\u00cdTICA DE PRIVACITAT VOLUNTARIAT\"}]},{\"@type\":\"WebSite\",\"@id\":\"https:\/\/esperancaenlinia.org\/#website\",\"url\":\"https:\/\/esperancaenlinia.org\/\",\"name\":\"Fundaci\u00f3n Ajuda i Esperan\u00e7a\",\"description\":\"\",\"publisher\":{\"@id\":\"https:\/\/esperancaenlinia.org\/#organization\"},\"potentialAction\":[{\"@type\":\"SearchAction\",\"target\":{\"@type\":\"EntryPoint\",\"urlTemplate\":\"https:\/\/esperancaenlinia.org\/?s={search_term_string}\"},\"query-input\":{\"@type\":\"PropertyValueSpecification\",\"valueRequired\":true,\"valueName\":\"search_term_string\"}}],\"inLanguage\":\"es\"},{\"@type\":\"Organization\",\"@id\":\"https:\/\/esperancaenlinia.org\/#organization\",\"name\":\"Fundaci\u00f3n Ajuda i Esperan\u00e7a\",\"url\":\"https:\/\/esperancaenlinia.org\/\",\"logo\":{\"@type\":\"ImageObject\",\"inLanguage\":\"es\",\"@id\":\"https:\/\/esperancaenlinia.org\/#\/schema\/logo\/image\/\",\"url\":\"https:\/\/esperancaenlinia.org\/wp-content\/uploads\/2024\/04\/logo-1.png\",\"contentUrl\":\"https:\/\/esperancaenlinia.org\/wp-content\/uploads\/2024\/04\/logo-1.png\",\"width\":662,\"height\":200,\"caption\":\"Fundaci\u00f3n Ajuda i Esperan\u00e7a\"},\"image\":{\"@id\":\"https:\/\/esperancaenlinia.org\/#\/schema\/logo\/image\/\"}}]}<\/script>\n<!-- \/ Yoast SEO plugin. -->","yoast_head_json":{"title":"POL\u00cdTICA DE PRIVACITAT VOLUNTARIAT - Fundaci\u00f3n Ajuda i Esperan\u00e7a","robots":{"index":"index","follow":"follow","max-snippet":"max-snippet:-1","max-image-preview":"max-image-preview:large","max-video-preview":"max-video-preview:-1"},"canonical":"https:\/\/esperancaenlinia.org\/es\/politica-de-privacitat-voluntariat\/","og_locale":"es_ES","og_type":"article","og_title":"POL\u00cdTICA DE PRIVACITAT VOLUNTARIAT - Fundaci\u00f3n Ajuda i Esperan\u00e7a","og_description":"Inici Esperan\u00e7a en L\u00ednia ofereix atenci\u00f3 i suport emocional en un marc de total anonimat i confidencialitat amb l\u2019objectiu de millorar la qualitat de vida i el benestar emocional de les persones que viuen situacions de solitud, incomunicaci\u00f3 o que generen un patiment, contribuint aix\u00ed a crear una societat m\u00e9s solid\u00e0ria, acollidora i resilient. La&hellip;&nbsp;POL\u00cdTICA DE PRIVACITAT VOLUNTARIAT","og_url":"https:\/\/esperancaenlinia.org\/es\/politica-de-privacitat-voluntariat\/","og_site_name":"Fundaci\u00f3n Ajuda i Esperan\u00e7a","article_modified_time":"2025-11-20T09:51:36+00:00","twitter_card":"summary_large_image","twitter_misc":{"Tiempo de lectura":"3 minutos"},"schema":{"@context":"https:\/\/schema.org","@graph":[{"@type":"WebPage","@id":"https:\/\/esperancaenlinia.org\/politica-de-privacitat-voluntariat\/","url":"https:\/\/esperancaenlinia.org\/politica-de-privacitat-voluntariat\/","name":"POL\u00cdTICA DE PRIVACITAT VOLUNTARIAT - Fundaci\u00f3n Ajuda i Esperan\u00e7a","isPartOf":{"@id":"https:\/\/esperancaenlinia.org\/#website"},"datePublished":"2025-06-17T16:46:11+00:00","dateModified":"2025-11-20T09:51:36+00:00","breadcrumb":{"@id":"https:\/\/esperancaenlinia.org\/politica-de-privacitat-voluntariat\/#breadcrumb"},"inLanguage":"es","potentialAction":[{"@type":"ReadAction","target":["https:\/\/esperancaenlinia.org\/politica-de-privacitat-voluntariat\/"]}]},{"@type":"BreadcrumbList","@id":"https:\/\/esperancaenlinia.org\/politica-de-privacitat-voluntariat\/#breadcrumb","itemListElement":[{"@type":"ListItem","position":1,"name":"Portada","item":"https:\/\/esperancaenlinia.org\/"},{"@type":"ListItem","position":2,"name":"POL\u00cdTICA DE PRIVACITAT VOLUNTARIAT"}]},{"@type":"WebSite","@id":"https:\/\/esperancaenlinia.org\/#website","url":"https:\/\/esperancaenlinia.org\/","name":"Fundaci\u00f3n Ayuda y Esperanza","description":"","publisher":{"@id":"https:\/\/esperancaenlinia.org\/#organization"},"potentialAction":[{"@type":"SearchAction","target":{"@type":"EntryPoint","urlTemplate":"https:\/\/esperancaenlinia.org\/?s={search_term_string}"},"query-input":{"@type":"PropertyValueSpecification","valueRequired":true,"valueName":"search_term_string"}}],"inLanguage":"es"},{"@type":"Organization","@id":"https:\/\/esperancaenlinia.org\/#organization","name":"Fundaci\u00f3n Ayuda y Esperanza","url":"https:\/\/esperancaenlinia.org\/","logo":{"@type":"ImageObject","inLanguage":"es","@id":"https:\/\/esperancaenlinia.org\/#\/schema\/logo\/image\/","url":"https:\/\/esperancaenlinia.org\/wp-content\/uploads\/2024\/04\/logo-1.png","contentUrl":"https:\/\/esperancaenlinia.org\/wp-content\/uploads\/2024\/04\/logo-1.png","width":662,"height":200,"caption":"Fundaci\u00f3n Ajuda i Esperan\u00e7a"},"image":{"@id":"https:\/\/esperancaenlinia.org\/#\/schema\/logo\/image\/"}}]}},"_links":{"self":[{"href":"https:\/\/esperancaenlinia.org\/es\/wp-json\/wp\/v2\/pages\/5385","targetHints":{"allow":["GET"]}}],"collection":[{"href":"https:\/\/esperancaenlinia.org\/es\/wp-json\/wp\/v2\/pages"}],"about":[{"href":"https:\/\/esperancaenlinia.org\/es\/wp-json\/wp\/v2\/types\/page"}],"author":[{"embeddable":true,"href":"https:\/\/esperancaenlinia.org\/es\/wp-json\/wp\/v2\/users\/2"}],"replies":[{"embeddable":true,"href":"https:\/\/esperancaenlinia.org\/es\/wp-json\/wp\/v2\/comments?post=5385"}],"version-history":[{"count":11,"href":"https:\/\/esperancaenlinia.org\/es\/wp-json\/wp\/v2\/pages\/5385\/revisions"}],"predecessor-version":[{"id":5398,"href":"https:\/\/esperancaenlinia.org\/es\/wp-json\/wp\/v2\/pages\/5385\/revisions\/5398"}],"wp:attachment":[{"href":"https:\/\/esperancaenlinia.org\/es\/wp-json\/wp\/v2\/media?parent=5385"}],"curies":[{"name":"wp","href":"https:\/\/api.w.org\/{rel}","templated":true}]}}